{"id":116,"date":"2022-09-04T13:14:21","date_gmt":"2022-09-04T11:14:21","guid":{"rendered":"https:\/\/blogs.donboscovolunteers.de\/wundertuetebenin\/?page_id=116"},"modified":"2022-12-21T22:21:28","modified_gmt":"2022-12-21T21:21:28","slug":"projekte","status":"publish","type":"page","link":"https:\/\/blogs.donboscovolunteers.de\/wundertuetebenin\/projekte\/","title":{"rendered":"Projekte"},"content":{"rendered":"<h3 class=\"wp-block-heading\">WAS MACHST DU DA EIGENTLICH EIN JAHR LANG?<\/h3>\n\n\n\n<p>Das werde ich immer wieder gefragt und heute gibts endlich die Antwort! Grunds\u00e4tzlich bin ich hier, um mein Leben ein Jahr lang mit Kindern und Jugendlichen in den Projekten der <a href=\"https:\/\/www.donboscomission.de\/don-bosco\/\">Don Bosco<\/a> Schwestern in Cotonou zu teilen. Von Bildungseinrichtungen \u00fcber M\u00e4dchenwohnheime bis hin zur Betreuung von straft\u00e4tig gewordenen Jugendlichen, haben die Schwestern hier wirklich Einiges auf die Beine gestellt. Die meisten Projekte stehen unter dem Motto: <\/p>\n\n\n\n<blockquote class=\"wp-block-quote is-layout-flow wp-block-quote-is-layout-flow\">\n<p>NEIN zu Gewalt an M\u00e4dchen und Frauen! <\/p>\n<\/blockquote>\n\n\n\n<p>Anders als in anderen Don-Bosco-Einrichtungen werden Mia und ich im Laufe des Jahres nicht jeweils eines, sondern gleich mehrere Projekte unterst\u00fctzen. So k\u00f6nnen wir viele verschiedene Eindr\u00fccke sammeln und unterschiedliche Arbeitsbereiche kennenlernen. Bereits jetzt stehen mehrere Projekte auf meinem Wochenplan, mit der Zeit rotieren wir aber auch in regelm\u00e4\u00dfigen Abst\u00e4nden durch die Einrichtungen.<\/p>\n\n\n\n<p>Damit Ihr eine bessere Vorstellung von meinen vielseitigen Arbeitsbereichen bekommt und in meinen Blogeintr\u00e4gen den Durchblick nicht verliert, hier eine kleine Zusammenstellung der Projekte, in denen ich mitwirke:&nbsp;<\/p>\n\n\n\n<h4 class=\"wp-block-heading\">DAS FOYER LAURA VICU\u00d1A&nbsp;<\/h4>\n\n\n<div class=\"wp-block-image\">\n<figure class=\"aligncenter size-large is-resized\"><img loading=\"lazy\" decoding=\"async\" src=\"https:\/\/blogs.donboscovolunteers.de\/wundertuetebenin\/wp-content\/uploads\/sites\/21659\/2022\/12\/DSC03354-1024x684.jpg\" alt=\"\" class=\"wp-image-299\" width=\"663\" height=\"444\" srcset=\"https:\/\/blogs.donboscovolunteers.de\/wundertuetebenin\/wp-content\/uploads\/sites\/21659\/2022\/12\/DSC03354-1024x684.jpg 1024w, https:\/\/blogs.donboscovolunteers.de\/wundertuetebenin\/wp-content\/uploads\/sites\/21659\/2022\/12\/DSC03354-300x200.jpg 300w, https:\/\/blogs.donboscovolunteers.de\/wundertuetebenin\/wp-content\/uploads\/sites\/21659\/2022\/12\/DSC03354-768x513.jpg 768w, https:\/\/blogs.donboscovolunteers.de\/wundertuetebenin\/wp-content\/uploads\/sites\/21659\/2022\/12\/DSC03354-1200x802.jpg 1200w, https:\/\/blogs.donboscovolunteers.de\/wundertuetebenin\/wp-content\/uploads\/sites\/21659\/2022\/12\/DSC03354.jpg 1280w\" sizes=\"auto, (max-width: 663px) 100vw, 663px\" \/><\/figure>\n<\/div>\n\n\n<p><\/p>\n\n\n\n<p>Das M\u00e4dchenwohnheim Laura Vicu\u00f1a auf dem Gel\u00e4nde der Schwestern ist Zuhause von aktuell circa 40 M\u00e4dchen im Alter von 7 bis 18 Jahren. Hier bringt jede ihre eigene Geschichte mit, doch im Grunde sind sie alle sind Opfer von Missbrauch in vielerlei Sinne. Gemeinsam sind sie f\u00fcrs Kochen, Waschen und Putzen zust\u00e4ndig und besuchen unter der Woche verschiedene Bildungseinrichtungen. Mit den M\u00e4dels verbringen wir auch au\u00dferhalb unserer regul\u00e4ren Arbeitszeiten viel Zeit. Als Tata helfen wir vor allem abends oft noch bei den Hausaufgaben, \u00fcben lesen, essen ab und an mit den M\u00e4dels, spielen Uno, tanzen und singen oder kuscheln besonders die Kleinen auch einfach mal.<\/p>\n\n\n\n<h4 class=\"wp-block-heading\">DIE \u00c9COLE ALTERNATIVE&nbsp;<\/h4>\n\n\n<div class=\"wp-block-image\">\n<figure class=\"aligncenter size-large is-resized\"><img loading=\"lazy\" decoding=\"async\" src=\"https:\/\/blogs.donboscovolunteers.de\/wundertuetebenin\/wp-content\/uploads\/sites\/21659\/2022\/10\/IMG_5450-1024x768.jpeg\" alt=\"\" class=\"wp-image-248\" width=\"652\" height=\"488\" srcset=\"https:\/\/blogs.donboscovolunteers.de\/wundertuetebenin\/wp-content\/uploads\/sites\/21659\/2022\/10\/IMG_5450-1024x768.jpeg 1024w, https:\/\/blogs.donboscovolunteers.de\/wundertuetebenin\/wp-content\/uploads\/sites\/21659\/2022\/10\/IMG_5450-300x225.jpeg 300w, https:\/\/blogs.donboscovolunteers.de\/wundertuetebenin\/wp-content\/uploads\/sites\/21659\/2022\/10\/IMG_5450-768x576.jpeg 768w, https:\/\/blogs.donboscovolunteers.de\/wundertuetebenin\/wp-content\/uploads\/sites\/21659\/2022\/10\/IMG_5450-1200x900.jpeg 1200w, https:\/\/blogs.donboscovolunteers.de\/wundertuetebenin\/wp-content\/uploads\/sites\/21659\/2022\/10\/IMG_5450.jpeg 1280w\" sizes=\"auto, (max-width: 652px) 100vw, 652px\" \/><\/figure>\n<\/div>\n\n\n<p>Die alternative Schule ist auch auf dem Gel\u00e4nde der Schwestern zu finden und l\u00e4sst sich sogar aus unserem Zimmerfenster ersp\u00e4hen (und h\u00f6ren!!). Hier sind die circa 100 Sch\u00fcler*innen nicht nach Alter, sondern nach Wissensstand in drei verschiedene Lernniveaus aufgeteilt. So k\u00f6nnen auch \u00e4ltere Kinder von null starten und Bildung erfahren.&nbsp;<\/p>\n\n\n\n<h4 class=\"wp-block-heading\">DAS MAISON DE L&#8217;ESP\u00c9RANCE<\/h4>\n\n\n<div class=\"wp-block-image\">\n<figure class=\"aligncenter size-large is-resized\"><img loading=\"lazy\" decoding=\"async\" src=\"https:\/\/blogs.donboscovolunteers.de\/wundertuetebenin\/wp-content\/uploads\/sites\/21659\/2022\/10\/DSC02292-1024x684.jpg\" alt=\"\" class=\"wp-image-209\" width=\"646\" height=\"431\" srcset=\"https:\/\/blogs.donboscovolunteers.de\/wundertuetebenin\/wp-content\/uploads\/sites\/21659\/2022\/10\/DSC02292-1024x684.jpg 1024w, https:\/\/blogs.donboscovolunteers.de\/wundertuetebenin\/wp-content\/uploads\/sites\/21659\/2022\/10\/DSC02292-300x200.jpg 300w, https:\/\/blogs.donboscovolunteers.de\/wundertuetebenin\/wp-content\/uploads\/sites\/21659\/2022\/10\/DSC02292-768x513.jpg 768w, https:\/\/blogs.donboscovolunteers.de\/wundertuetebenin\/wp-content\/uploads\/sites\/21659\/2022\/10\/DSC02292-1200x802.jpg 1200w, https:\/\/blogs.donboscovolunteers.de\/wundertuetebenin\/wp-content\/uploads\/sites\/21659\/2022\/10\/DSC02292.jpg 1280w\" sizes=\"auto, (max-width: 646px) 100vw, 646px\" \/><\/figure>\n<\/div>\n\n\n<p>Haus der Hoffnung &#8211; so nennt sich das Ausbildungszentrum, das Jugendlichen im Alter von circa 15 bis 20 Jahren, eine kostenfreie Ausbildung in den vier Ausbildungsrichtungen B\u00e4ckerei, K\u00fcche, Konditorei und Seifenherstellung erm\u00f6glicht. Bezahlt werden lediglich geringe Beitr\u00e4ge f\u00fcr die Pr\u00fcfungen, die Kleidung und das Essen. Aus verschiedensten Gr\u00fcnden haben die jungen Menschen die Schule fr\u00fch verlassen oder gar nicht erst besucht, weshalb auch Franz\u00f6sischunterricht und individuelle Lernunterst\u00fctzung auf dem Programm stehen. Die Ausbildungsrichtungen sind meist keineswegs der Traumberuf der Jugendlichen, aber darum geht es prim\u00e4r auch gar nicht. Man m\u00f6chte ihnen einen Start ins Arbeitsleben erm\u00f6glichen und gleichzeitig zu verschiedenen Themen sensibilisieren (Umwelt, Hygiene, Selbstreflexion, etc). Die Ausbildung dauert 9 Monate und es folgt ein dreimonatiges Praktikum. &nbsp;<\/p>\n\n\n\n<h4 class=\"wp-block-heading\">DAS MAISON DU SOLEIL <\/h4>\n\n\n\n<p>T\u00fcr an T\u00fcr mit dem Maison de l\u2019Esp\u00e9rance befindet sich das Haus der Sonne &#8211; ein Wohnheim f\u00fcr minderj\u00e4hrige M\u00fctter. Die jungen M\u00e4dchen sind Opfer sexueller Gewalt und in diesem Kontext schwanger geworden. Von ihren Familien erfahren sie in solch einer schweren Zeit keinen R\u00fcckhalt, sondern werden versto\u00dfen. Im Maison du Soleil werden sie mit ihren Kindern aufgefangen und unterst\u00fctzt. Rund um die Uhr sind Tatas im Haus, die sich vor allem untertags um die Babys und Kleinkinder k\u00fcmmern. In der Zwischenzeit k\u00f6nnen die Mamas nebenan &#8211; im Maison de l\u2019Esp\u00e9rance &#8211; eine Ausbildung machen. Ziel ist es, die jungen M\u00fctter wieder in ihre Familien zu integrieren oder sie auf eigenen Beinen stehen zu lassen. Hierf\u00fcr werden sowohl die M\u00e4dchen, als auch die Familien der M\u00e4dels psychologisch betreut.&nbsp;Aktuell leben elf M\u00e4dels im Maison du Soleil.&nbsp;<\/p>\n\n\n\n<h4 class=\"wp-block-heading\">DIE BARAQUE SOS&nbsp;<\/h4>\n\n\n<div class=\"wp-block-image\">\n<figure class=\"aligncenter size-large is-resized\"><img loading=\"lazy\" decoding=\"async\" src=\"https:\/\/blogs.donboscovolunteers.de\/wundertuetebenin\/wp-content\/uploads\/sites\/21659\/2022\/10\/DSC02506-1024x739.jpg\" alt=\"\" class=\"wp-image-249\" width=\"657\" height=\"473\" srcset=\"https:\/\/blogs.donboscovolunteers.de\/wundertuetebenin\/wp-content\/uploads\/sites\/21659\/2022\/10\/DSC02506-1024x739.jpg 1024w, https:\/\/blogs.donboscovolunteers.de\/wundertuetebenin\/wp-content\/uploads\/sites\/21659\/2022\/10\/DSC02506-300x217.jpg 300w, https:\/\/blogs.donboscovolunteers.de\/wundertuetebenin\/wp-content\/uploads\/sites\/21659\/2022\/10\/DSC02506-768x554.jpg 768w, https:\/\/blogs.donboscovolunteers.de\/wundertuetebenin\/wp-content\/uploads\/sites\/21659\/2022\/10\/DSC02506-1200x866.jpg 1200w, https:\/\/blogs.donboscovolunteers.de\/wundertuetebenin\/wp-content\/uploads\/sites\/21659\/2022\/10\/DSC02506.jpg 1280w\" sizes=\"auto, (max-width: 657px) 100vw, 657px\" \/><\/figure>\n<\/div>\n\n\n<p>Die Baraque SOS befindet sich im Herzen des gr\u00f6\u00dften Markts Westafrikas &#8211; dem March\u00e9 Dantokpa. Im bunten Treiben der Marktstra\u00dfen sieht man nicht selten Kinder &#8211; die K\u00f6pfe mit schweren K\u00f6rben beladen &#8211; durch die Stra\u00dfen wuseln. Obwohl im <a href=\"https:\/\/strassenkinder.de\/laender\/afrika\/benin\/\">Benin<\/a> zumindest die Grundschulbildung kostenfrei ist (wie qualitativ der Unterricht dort ist, l\u00e4sst sich infrage stellen), haben diese Kinder keine Chance Bildung zu erfahren. Die Kosten, die eigenst\u00e4ndig von den Familien f\u00fcr die Schulkleidung und Lernmaterialien aufgebracht werden m\u00fcssen, sind zu hoch oder das Familieneinkommen muss aufgestockt werden. So werden schon die Kleinsten auf den Markt geschickt, um zu verkaufen. Die Baraque SOS ist Anlaufstelle f\u00fcr M\u00e4dchen, die auf diese Art missbraucht werden. Dort k\u00f6nnen sie zumindest f\u00fcr kurze Zeit Kind sein &#8211; sie lernen das ABC, z\u00e4hlen Besen, Plastikflaschen, Chilis oder was sich sonst in ihren kiloschweren K\u00f6rben befindet, es wird gespielt, getanzt und gelacht. Ich bin mittendrin und werde mit der Zeit sicher die ein oder andere Bastelidee mitbringen!&nbsp;<\/p>\n\n\n\n<p>Z\u00f6gert nicht, mir jederzeit L\u00f6cher in den Bauch zu fragen, wenn Euch etwas genauer interessiert \ud83d\ude42 ! Bei meinem Alltag in den Projekten nehme ich Euch mit der Zeit in den Blogeintr\u00e4gen mit!<\/p>\n\n\n\n<p><\/p>","protected":false},"excerpt":{"rendered":"<p>WAS MACHST DU DA EIGENTLICH EIN JAHR LANG? Das werde ich immer wieder gefragt und heute gibts endlich die Antwort! Grunds\u00e4tzlich bin ich hier, um mein Leben ein Jahr lang mit Kindern und Jugendlichen in den Projekten der <a href=\"https:\/\/www.donboscomission.de\/don-bosco\/\">Don Bosco<\/a> Schwestern in Cotonou zu teilen. Von Bildungseinrichtungen \u00fcber M\u00e4dchenwohnheime bis hin zur Betreuung von straft\u00e4tig [&hellip;]<\/p>\n","protected":false},"author":21749,"featured_media":0,"parent":0,"menu_order":0,"comment_status":"closed","ping_status":"closed","template":"","meta":{"footnotes":""},"class_list":["post-116","page","type-page","status-publish","hentry"],"yoast_head":"<!-- This site is optimized with the Yoast SEO plugin v25.3.1 - https:\/\/yoast.com\/wordpress\/plugins\/seo\/ -->\n<title>Projekte - Wundert\u00fcte Benin<\/title>\n<meta name=\"robots\" content=\"index, follow, max-snippet:-1, max-image-preview:large, max-video-preview:-1\" \/>\n<link rel=\"canonical\" href=\"https:\/\/blogs.donboscovolunteers.de\/wundertuetebenin\/projekte\/\" \/>\n<meta property=\"og:locale\" content=\"de_DE\" \/>\n<meta property=\"og:type\" content=\"article\" \/>\n<meta property=\"og:title\" content=\"Projekte - Wundert\u00fcte Benin\" \/>\n<meta property=\"og:description\" content=\"WAS MACHST DU DA EIGENTLICH EIN JAHR LANG? Das werde ich immer wieder gefragt und heute gibts endlich die Antwort! Grunds\u00e4tzlich bin ich hier, um mein Leben ein Jahr lang mit Kindern und Jugendlichen in den Projekten der Don Bosco Schwestern in Cotonou zu teilen. Von Bildungseinrichtungen \u00fcber M\u00e4dchenwohnheime bis hin zur Betreuung von straft\u00e4tig [&hellip;]\" \/>\n<meta property=\"og:url\" content=\"https:\/\/blogs.donboscovolunteers.de\/wundertuetebenin\/projekte\/\" \/>\n<meta property=\"og:site_name\" content=\"Wundert\u00fcte Benin\" \/>\n<meta property=\"article:modified_time\" content=\"2022-12-21T21:21:28+00:00\" \/>\n<meta property=\"og:image\" content=\"https:\/\/blogs.donboscovolunteers.de\/wundertuetebenin\/wp-content\/uploads\/sites\/21659\/2022\/12\/DSC03354-1024x684.jpg\" \/>\n<meta name=\"twitter:card\" content=\"summary_large_image\" \/>\n<meta name=\"twitter:label1\" content=\"Gesch\u00e4tzte Lesezeit\" \/>\n\t<meta name=\"twitter:data1\" content=\"6\u00a0Minuten\" \/>\n<script type=\"application\/ld+json\" class=\"yoast-schema-graph\">{\"@context\":\"https:\/\/schema.org\",\"@graph\":[{\"@type\":\"WebPage\",\"@id\":\"https:\/\/blogs.donboscovolunteers.de\/wundertuetebenin\/projekte\/\",\"url\":\"https:\/\/blogs.donboscovolunteers.de\/wundertuetebenin\/projekte\/\",\"name\":\"Projekte - Wundert\u00fcte Benin\",\"isPartOf\":{\"@id\":\"https:\/\/blogs.donboscovolunteers.de\/wundertuetebenin\/#website\"},\"primaryImageOfPage\":{\"@id\":\"https:\/\/blogs.donboscovolunteers.de\/wundertuetebenin\/projekte\/#primaryimage\"},\"image\":{\"@id\":\"https:\/\/blogs.donboscovolunteers.de\/wundertuetebenin\/projekte\/#primaryimage\"},\"thumbnailUrl\":\"https:\/\/blogs.donboscovolunteers.de\/wundertuetebenin\/wp-content\/uploads\/sites\/21659\/2022\/12\/DSC03354-1024x684.jpg\",\"datePublished\":\"2022-09-04T11:14:21+00:00\",\"dateModified\":\"2022-12-21T21:21:28+00:00\",\"breadcrumb\":{\"@id\":\"https:\/\/blogs.donboscovolunteers.de\/wundertuetebenin\/projekte\/#breadcrumb\"},\"inLanguage\":\"de\",\"potentialAction\":[{\"@type\":\"ReadAction\",\"target\":[\"https:\/\/blogs.donboscovolunteers.de\/wundertuetebenin\/projekte\/\"]}]},{\"@type\":\"ImageObject\",\"inLanguage\":\"de\",\"@id\":\"https:\/\/blogs.donboscovolunteers.de\/wundertuetebenin\/projekte\/#primaryimage\",\"url\":\"https:\/\/blogs.donboscovolunteers.de\/wundertuetebenin\/wp-content\/uploads\/sites\/21659\/2022\/12\/DSC03354.jpg\",\"contentUrl\":\"https:\/\/blogs.donboscovolunteers.de\/wundertuetebenin\/wp-content\/uploads\/sites\/21659\/2022\/12\/DSC03354.jpg\",\"width\":1280,\"height\":855},{\"@type\":\"BreadcrumbList\",\"@id\":\"https:\/\/blogs.donboscovolunteers.de\/wundertuetebenin\/projekte\/#breadcrumb\",\"itemListElement\":[{\"@type\":\"ListItem\",\"position\":1,\"name\":\"Startseite\",\"item\":\"https:\/\/blogs.donboscovolunteers.de\/wundertuetebenin\/\"},{\"@type\":\"ListItem\",\"position\":2,\"name\":\"Projekte\"}]},{\"@type\":\"WebSite\",\"@id\":\"https:\/\/blogs.donboscovolunteers.de\/wundertuetebenin\/#website\",\"url\":\"https:\/\/blogs.donboscovolunteers.de\/wundertuetebenin\/\",\"name\":\"Wundert\u00fcte Benin\",\"description\":\"Milena in Westafrika\",\"potentialAction\":[{\"@type\":\"SearchAction\",\"target\":{\"@type\":\"EntryPoint\",\"urlTemplate\":\"https:\/\/blogs.donboscovolunteers.de\/wundertuetebenin\/?s={search_term_string}\"},\"query-input\":{\"@type\":\"PropertyValueSpecification\",\"valueRequired\":true,\"valueName\":\"search_term_string\"}}],\"inLanguage\":\"de\"}]}<\/script>\n<!-- \/ Yoast SEO plugin. -->","yoast_head_json":{"title":"Projekte - Wundert\u00fcte Benin","robots":{"index":"index","follow":"follow","max-snippet":"max-snippet:-1","max-image-preview":"max-image-preview:large","max-video-preview":"max-video-preview:-1"},"canonical":"https:\/\/blogs.donboscovolunteers.de\/wundertuetebenin\/projekte\/","og_locale":"de_DE","og_type":"article","og_title":"Projekte - Wundert\u00fcte Benin","og_description":"WAS MACHST DU DA EIGENTLICH EIN JAHR LANG? Das werde ich immer wieder gefragt und heute gibts endlich die Antwort! Grunds\u00e4tzlich bin ich hier, um mein Leben ein Jahr lang mit Kindern und Jugendlichen in den Projekten der Don Bosco Schwestern in Cotonou zu teilen. Von Bildungseinrichtungen \u00fcber M\u00e4dchenwohnheime bis hin zur Betreuung von straft\u00e4tig [&hellip;]","og_url":"https:\/\/blogs.donboscovolunteers.de\/wundertuetebenin\/projekte\/","og_site_name":"Wundert\u00fcte Benin","article_modified_time":"2022-12-21T21:21:28+00:00","og_image":[{"url":"https:\/\/blogs.donboscovolunteers.de\/wundertuetebenin\/wp-content\/uploads\/sites\/21659\/2022\/12\/DSC03354-1024x684.jpg","type":"","width":"","height":""}],"twitter_card":"summary_large_image","twitter_misc":{"Gesch\u00e4tzte Lesezeit":"6\u00a0Minuten"},"schema":{"@context":"https:\/\/schema.org","@graph":[{"@type":"WebPage","@id":"https:\/\/blogs.donboscovolunteers.de\/wundertuetebenin\/projekte\/","url":"https:\/\/blogs.donboscovolunteers.de\/wundertuetebenin\/projekte\/","name":"Projekte - Wundert\u00fcte Benin","isPartOf":{"@id":"https:\/\/blogs.donboscovolunteers.de\/wundertuetebenin\/#website"},"primaryImageOfPage":{"@id":"https:\/\/blogs.donboscovolunteers.de\/wundertuetebenin\/projekte\/#primaryimage"},"image":{"@id":"https:\/\/blogs.donboscovolunteers.de\/wundertuetebenin\/projekte\/#primaryimage"},"thumbnailUrl":"https:\/\/blogs.donboscovolunteers.de\/wundertuetebenin\/wp-content\/uploads\/sites\/21659\/2022\/12\/DSC03354-1024x684.jpg","datePublished":"2022-09-04T11:14:21+00:00","dateModified":"2022-12-21T21:21:28+00:00","breadcrumb":{"@id":"https:\/\/blogs.donboscovolunteers.de\/wundertuetebenin\/projekte\/#breadcrumb"},"inLanguage":"de","potentialAction":[{"@type":"ReadAction","target":["https:\/\/blogs.donboscovolunteers.de\/wundertuetebenin\/projekte\/"]}]},{"@type":"ImageObject","inLanguage":"de","@id":"https:\/\/blogs.donboscovolunteers.de\/wundertuetebenin\/projekte\/#primaryimage","url":"https:\/\/blogs.donboscovolunteers.de\/wundertuetebenin\/wp-content\/uploads\/sites\/21659\/2022\/12\/DSC03354.jpg","contentUrl":"https:\/\/blogs.donboscovolunteers.de\/wundertuetebenin\/wp-content\/uploads\/sites\/21659\/2022\/12\/DSC03354.jpg","width":1280,"height":855},{"@type":"BreadcrumbList","@id":"https:\/\/blogs.donboscovolunteers.de\/wundertuetebenin\/projekte\/#breadcrumb","itemListElement":[{"@type":"ListItem","position":1,"name":"Startseite","item":"https:\/\/blogs.donboscovolunteers.de\/wundertuetebenin\/"},{"@type":"ListItem","position":2,"name":"Projekte"}]},{"@type":"WebSite","@id":"https:\/\/blogs.donboscovolunteers.de\/wundertuetebenin\/#website","url":"https:\/\/blogs.donboscovolunteers.de\/wundertuetebenin\/","name":"Wundert\u00fcte Benin","description":"Milena in Westafrika","potentialAction":[{"@type":"SearchAction","target":{"@type":"EntryPoint","urlTemplate":"https:\/\/blogs.donboscovolunteers.de\/wundertuetebenin\/?s={search_term_string}"},"query-input":{"@type":"PropertyValueSpecification","valueRequired":true,"valueName":"search_term_string"}}],"inLanguage":"de"}]}},"_links":{"self":[{"href":"https:\/\/blogs.donboscovolunteers.de\/wundertuetebenin\/wp-json\/wp\/v2\/pages\/116","targetHints":{"allow":["GET"]}}],"collection":[{"href":"https:\/\/blogs.donboscovolunteers.de\/wundertuetebenin\/wp-json\/wp\/v2\/pages"}],"about":[{"href":"https:\/\/blogs.donboscovolunteers.de\/wundertuetebenin\/wp-json\/wp\/v2\/types\/page"}],"author":[{"embeddable":true,"href":"https:\/\/blogs.donboscovolunteers.de\/wundertuetebenin\/wp-json\/wp\/v2\/users\/21749"}],"replies":[{"embeddable":true,"href":"https:\/\/blogs.donboscovolunteers.de\/wundertuetebenin\/wp-json\/wp\/v2\/comments?post=116"}],"version-history":[{"count":23,"href":"https:\/\/blogs.donboscovolunteers.de\/wundertuetebenin\/wp-json\/wp\/v2\/pages\/116\/revisions"}],"predecessor-version":[{"id":334,"href":"https:\/\/blogs.donboscovolunteers.de\/wundertuetebenin\/wp-json\/wp\/v2\/pages\/116\/revisions\/334"}],"wp:attachment":[{"href":"https:\/\/blogs.donboscovolunteers.de\/wundertuetebenin\/wp-json\/wp\/v2\/media?parent=116"}],"curies":[{"name":"wp","href":"https:\/\/api.w.org\/{rel}","templated":true}]}}