{"id":168,"date":"2022-12-07T23:16:33","date_gmt":"2022-12-07T22:16:33","guid":{"rendered":"https:\/\/blogs.donboscovolunteers.de\/ninosnews\/?page_id=168"},"modified":"2022-12-07T23:16:33","modified_gmt":"2022-12-07T22:16:33","slug":"advent-advent","status":"publish","type":"page","link":"https:\/\/blogs.donboscovolunteers.de\/ninosnews\/advent-advent\/","title":{"rendered":"Advent Advent"},"content":{"rendered":"<p>Am 18. November waren Antonio und ich mit den kleinen aus dem Quendra Ditore auf einer Buchmesse. Es war recht witzig zu erraten, wie die B\u00fccher auf Deutsch hei\u00dfen w\u00fcrden. Zwei Tage sp\u00e4ter waren wir dann in der Hafenstadt Durres, um den Jugendtag der Di\u00f6zese zu zelebrieren. Der Tag fing ganz sonnig an und endete in einer unglaublichen Sintflut, bei der die Autos zu Booten wurden.<\/p>\n\n\n\n<figure class=\"wp-block-image is-resized\"><img loading=\"lazy\" decoding=\"async\" src=\"https:\/\/blogs.donboscovolunteers.de\/ninosnews\/wp-content\/uploads\/sites\/21660\/2022\/12\/IMG_0517-768x1024.jpg\" alt=\"\" class=\"wp-image-163\" width=\"417\" height=\"556\" srcset=\"https:\/\/blogs.donboscovolunteers.de\/ninosnews\/wp-content\/uploads\/sites\/21660\/2022\/12\/IMG_0517-768x1024.jpg 768w, https:\/\/blogs.donboscovolunteers.de\/ninosnews\/wp-content\/uploads\/sites\/21660\/2022\/12\/IMG_0517-225x300.jpg 225w, https:\/\/blogs.donboscovolunteers.de\/ninosnews\/wp-content\/uploads\/sites\/21660\/2022\/12\/IMG_0517-900x1200.jpg 900w, https:\/\/blogs.donboscovolunteers.de\/ninosnews\/wp-content\/uploads\/sites\/21660\/2022\/12\/IMG_0517.jpg 960w\" sizes=\"auto, (max-width: 417px) 100vw, 417px\" \/><figcaption class=\"wp-element-caption\">Don Gino im Regen<\/figcaption><\/figure>\n\n\n\n<p>Antonio ist am Tag darauf prompt krank geworden und \u201eMama Nino\u201c musste sich um ihn k\u00fcmmern. Am 25. November wurde der Unabh\u00e4ngigkeitstag in der Schule vorgefeiert, weil am eigentlichen Feiertag die Schule geschlossen ist. Am n\u00e4chsten Tag, Antonio war immer noch krank, war ich zusammen mit Don Don und den Animatoren in Belsh an einem See und danach in Elbasan in der Innenstadt. Es war \u00e4u\u00dferst am\u00fcsant, und die Animatoren und ich kommen mittlerweile super miteinander aus. Am 28. und 29. hatten wir frei und waren zudem noch mit Mario allein im Haus. Wir haben Filme geguckt, Popcorn gemampft, Sandwiches gegrillt und ein Konzert von Dua Lipa besucht. Der 30. war wieder schwer, weil man zur\u00fcck in den alten Trott musste, aber ich glaube, das wird schon wieder.<\/p>\n\n\n\n<figure class=\"wp-block-image is-resized\"><img loading=\"lazy\" decoding=\"async\" src=\"https:\/\/blogs.donboscovolunteers.de\/ninosnews\/wp-content\/uploads\/sites\/21660\/2022\/12\/IMG_0553-768x1024.jpg\" alt=\"\" class=\"wp-image-164\" width=\"481\" height=\"641\" srcset=\"https:\/\/blogs.donboscovolunteers.de\/ninosnews\/wp-content\/uploads\/sites\/21660\/2022\/12\/IMG_0553-768x1024.jpg 768w, https:\/\/blogs.donboscovolunteers.de\/ninosnews\/wp-content\/uploads\/sites\/21660\/2022\/12\/IMG_0553-225x300.jpg 225w, https:\/\/blogs.donboscovolunteers.de\/ninosnews\/wp-content\/uploads\/sites\/21660\/2022\/12\/IMG_0553-900x1200.jpg 900w, https:\/\/blogs.donboscovolunteers.de\/ninosnews\/wp-content\/uploads\/sites\/21660\/2022\/12\/IMG_0553.jpg 960w\" sizes=\"auto, (max-width: 481px) 100vw, 481px\" \/><figcaption class=\"wp-element-caption\">Belsh-See<\/figcaption><\/figure>\n\n\n\n<p>Am ersten Dezember wurde gewichtelt. Ich sag nicht, wen ich als Wichtelpartner bekommen hab, aber es wird spannend. Am 3. Dezember habe ich das Zimmer mit Luis, einem Mitbewohner, getauscht. Er wohnt jetzt mit Antonio in einem Zimmer und ich mit Brandy. Nach dem Tauschen sind wir dann in die Altstadt und haben hei\u00dfe Schokolade gegessen. Ja, gegessen, denn die Schokolade ist hier so dickfl\u00fcssig, dass man sie mit einem L\u00f6ffel essen muss. Am 4. Dezember war zum Gottesdienst und zum Mittagessen ein Gesandter des Vatikans zu Besuch. War ganz nett.<\/p>\n\n\n\n<figure class=\"wp-block-image is-resized\"><img loading=\"lazy\" decoding=\"async\" src=\"https:\/\/blogs.donboscovolunteers.de\/ninosnews\/wp-content\/uploads\/sites\/21660\/2022\/12\/IMG_0616-768x1024.jpg\" alt=\"\" class=\"wp-image-165\" width=\"404\" height=\"539\" srcset=\"https:\/\/blogs.donboscovolunteers.de\/ninosnews\/wp-content\/uploads\/sites\/21660\/2022\/12\/IMG_0616-768x1024.jpg 768w, https:\/\/blogs.donboscovolunteers.de\/ninosnews\/wp-content\/uploads\/sites\/21660\/2022\/12\/IMG_0616-225x300.jpg 225w, https:\/\/blogs.donboscovolunteers.de\/ninosnews\/wp-content\/uploads\/sites\/21660\/2022\/12\/IMG_0616-900x1200.jpg 900w, https:\/\/blogs.donboscovolunteers.de\/ninosnews\/wp-content\/uploads\/sites\/21660\/2022\/12\/IMG_0616.jpg 960w\" sizes=\"auto, (max-width: 404px) 100vw, 404px\" \/><figcaption class=\"wp-element-caption\">Vatikanischer Diplomat<\/figcaption><\/figure>\n\n\n\n<p>Ach ja: Ich muss meinen Vierteljahrs-Bericht noch fertigstellen. Das krieg ich schon hin, aber ich muss auch einen Trip f\u00fcr drei vom 27. Dezember bis zum 6. Januar auf die Beine stellen und das bereitet mir schon gewisse Bauchschmerzen. Aber wie hei\u00dft es so sch\u00f6n: Der Mann w\u00e4chst mit seinen Aufgaben.<\/p>\n\n\n\n<p>Also dann,<\/p>\n\n\n\n<p>Mirupafshim und hoffentlich bis in zwei Wochen.<\/p>\n\n\n\n<figure class=\"wp-block-image\"><img loading=\"lazy\" decoding=\"async\" width=\"1024\" height=\"768\" src=\"https:\/\/blogs.donboscovolunteers.de\/ninosnews\/wp-content\/uploads\/sites\/21660\/2022\/12\/IMG_0660-1024x768.jpg\" alt=\"\" class=\"wp-image-166\" srcset=\"https:\/\/blogs.donboscovolunteers.de\/ninosnews\/wp-content\/uploads\/sites\/21660\/2022\/12\/IMG_0660-1024x768.jpg 1024w, https:\/\/blogs.donboscovolunteers.de\/ninosnews\/wp-content\/uploads\/sites\/21660\/2022\/12\/IMG_0660-300x225.jpg 300w, https:\/\/blogs.donboscovolunteers.de\/ninosnews\/wp-content\/uploads\/sites\/21660\/2022\/12\/IMG_0660-768x576.jpg 768w, https:\/\/blogs.donboscovolunteers.de\/ninosnews\/wp-content\/uploads\/sites\/21660\/2022\/12\/IMG_0660-900x675.jpg 900w, https:\/\/blogs.donboscovolunteers.de\/ninosnews\/wp-content\/uploads\/sites\/21660\/2022\/12\/IMG_0660.jpg 1280w\" sizes=\"auto, (max-width: 1024px) 100vw, 1024px\" \/><\/figure>","protected":false},"excerpt":{"rendered":"<p>Am 18. November waren Antonio und ich mit den kleinen aus dem Quendra Ditore auf einer Buchmesse. Es war recht witzig zu erraten, wie die B\u00fccher auf Deutsch hei\u00dfen w\u00fcrden. Zwei Tage sp\u00e4ter waren wir dann in der Hafenstadt Durres, um den Jugendtag der Di\u00f6zese zu zelebrieren. Der Tag fing ganz sonnig an und endete [&hellip;]<\/p>\n","protected":false},"author":21750,"featured_media":0,"parent":0,"menu_order":0,"comment_status":"closed","ping_status":"closed","template":"","meta":{"footnotes":""},"class_list":["post-168","page","type-page","status-publish","hentry"],"yoast_head":"<!-- This site is optimized with the Yoast SEO plugin v25.3.1 - https:\/\/yoast.com\/wordpress\/plugins\/seo\/ -->\n<title>Advent Advent - ninosnews<\/title>\n<meta name=\"robots\" content=\"index, follow, max-snippet:-1, max-image-preview:large, max-video-preview:-1\" \/>\n<link rel=\"canonical\" href=\"https:\/\/blogs.donboscovolunteers.de\/ninosnews\/advent-advent\/\" \/>\n<meta property=\"og:locale\" content=\"de_DE\" \/>\n<meta property=\"og:type\" content=\"article\" \/>\n<meta property=\"og:title\" content=\"Advent Advent - ninosnews\" \/>\n<meta property=\"og:description\" content=\"Am 18. November waren Antonio und ich mit den kleinen aus dem Quendra Ditore auf einer Buchmesse. Es war recht witzig zu erraten, wie die B\u00fccher auf Deutsch hei\u00dfen w\u00fcrden. Zwei Tage sp\u00e4ter waren wir dann in der Hafenstadt Durres, um den Jugendtag der Di\u00f6zese zu zelebrieren. Der Tag fing ganz sonnig an und endete [&hellip;]\" \/>\n<meta property=\"og:url\" content=\"https:\/\/blogs.donboscovolunteers.de\/ninosnews\/advent-advent\/\" \/>\n<meta property=\"og:site_name\" content=\"ninosnews\" \/>\n<meta property=\"og:image\" content=\"https:\/\/blogs.donboscovolunteers.de\/ninosnews\/wp-content\/uploads\/sites\/21660\/2022\/12\/IMG_0517-768x1024.jpg\" \/>\n<meta name=\"twitter:card\" content=\"summary_large_image\" \/>\n<meta name=\"twitter:label1\" content=\"Gesch\u00e4tzte Lesezeit\" \/>\n\t<meta name=\"twitter:data1\" content=\"3\u00a0Minuten\" \/>\n<script type=\"application\/ld+json\" class=\"yoast-schema-graph\">{\"@context\":\"https:\/\/schema.org\",\"@graph\":[{\"@type\":\"WebPage\",\"@id\":\"https:\/\/blogs.donboscovolunteers.de\/ninosnews\/advent-advent\/\",\"url\":\"https:\/\/blogs.donboscovolunteers.de\/ninosnews\/advent-advent\/\",\"name\":\"Advent Advent - ninosnews\",\"isPartOf\":{\"@id\":\"https:\/\/blogs.donboscovolunteers.de\/ninosnews\/#website\"},\"primaryImageOfPage\":{\"@id\":\"https:\/\/blogs.donboscovolunteers.de\/ninosnews\/advent-advent\/#primaryimage\"},\"image\":{\"@id\":\"https:\/\/blogs.donboscovolunteers.de\/ninosnews\/advent-advent\/#primaryimage\"},\"thumbnailUrl\":\"https:\/\/blogs.donboscovolunteers.de\/ninosnews\/wp-content\/uploads\/sites\/21660\/2022\/12\/IMG_0517-768x1024.jpg\",\"datePublished\":\"2022-12-07T22:16:33+00:00\",\"breadcrumb\":{\"@id\":\"https:\/\/blogs.donboscovolunteers.de\/ninosnews\/advent-advent\/#breadcrumb\"},\"inLanguage\":\"de\",\"potentialAction\":[{\"@type\":\"ReadAction\",\"target\":[\"https:\/\/blogs.donboscovolunteers.de\/ninosnews\/advent-advent\/\"]}]},{\"@type\":\"ImageObject\",\"inLanguage\":\"de\",\"@id\":\"https:\/\/blogs.donboscovolunteers.de\/ninosnews\/advent-advent\/#primaryimage\",\"url\":\"https:\/\/blogs.donboscovolunteers.de\/ninosnews\/wp-content\/uploads\/sites\/21660\/2022\/12\/IMG_0517.jpg\",\"contentUrl\":\"https:\/\/blogs.donboscovolunteers.de\/ninosnews\/wp-content\/uploads\/sites\/21660\/2022\/12\/IMG_0517.jpg\",\"width\":960,\"height\":1280},{\"@type\":\"BreadcrumbList\",\"@id\":\"https:\/\/blogs.donboscovolunteers.de\/ninosnews\/advent-advent\/#breadcrumb\",\"itemListElement\":[{\"@type\":\"ListItem\",\"position\":1,\"name\":\"Startseite\",\"item\":\"https:\/\/blogs.donboscovolunteers.de\/ninosnews\/\"},{\"@type\":\"ListItem\",\"position\":2,\"name\":\"Advent Advent\"}]},{\"@type\":\"WebSite\",\"@id\":\"https:\/\/blogs.donboscovolunteers.de\/ninosnews\/#website\",\"url\":\"https:\/\/blogs.donboscovolunteers.de\/ninosnews\/\",\"name\":\"ninosnews\",\"description\":\"Eine WEITERE Don Bosco Volunteers Blog Website\",\"potentialAction\":[{\"@type\":\"SearchAction\",\"target\":{\"@type\":\"EntryPoint\",\"urlTemplate\":\"https:\/\/blogs.donboscovolunteers.de\/ninosnews\/?s={search_term_string}\"},\"query-input\":{\"@type\":\"PropertyValueSpecification\",\"valueRequired\":true,\"valueName\":\"search_term_string\"}}],\"inLanguage\":\"de\"}]}<\/script>\n<!-- \/ Yoast SEO plugin. -->","yoast_head_json":{"title":"Advent Advent - ninosnews","robots":{"index":"index","follow":"follow","max-snippet":"max-snippet:-1","max-image-preview":"max-image-preview:large","max-video-preview":"max-video-preview:-1"},"canonical":"https:\/\/blogs.donboscovolunteers.de\/ninosnews\/advent-advent\/","og_locale":"de_DE","og_type":"article","og_title":"Advent Advent - ninosnews","og_description":"Am 18. November waren Antonio und ich mit den kleinen aus dem Quendra Ditore auf einer Buchmesse. Es war recht witzig zu erraten, wie die B\u00fccher auf Deutsch hei\u00dfen w\u00fcrden. Zwei Tage sp\u00e4ter waren wir dann in der Hafenstadt Durres, um den Jugendtag der Di\u00f6zese zu zelebrieren. Der Tag fing ganz sonnig an und endete [&hellip;]","og_url":"https:\/\/blogs.donboscovolunteers.de\/ninosnews\/advent-advent\/","og_site_name":"ninosnews","og_image":[{"url":"https:\/\/blogs.donboscovolunteers.de\/ninosnews\/wp-content\/uploads\/sites\/21660\/2022\/12\/IMG_0517-768x1024.jpg","type":"","width":"","height":""}],"twitter_card":"summary_large_image","twitter_misc":{"Gesch\u00e4tzte Lesezeit":"3\u00a0Minuten"},"schema":{"@context":"https:\/\/schema.org","@graph":[{"@type":"WebPage","@id":"https:\/\/blogs.donboscovolunteers.de\/ninosnews\/advent-advent\/","url":"https:\/\/blogs.donboscovolunteers.de\/ninosnews\/advent-advent\/","name":"Advent Advent - ninosnews","isPartOf":{"@id":"https:\/\/blogs.donboscovolunteers.de\/ninosnews\/#website"},"primaryImageOfPage":{"@id":"https:\/\/blogs.donboscovolunteers.de\/ninosnews\/advent-advent\/#primaryimage"},"image":{"@id":"https:\/\/blogs.donboscovolunteers.de\/ninosnews\/advent-advent\/#primaryimage"},"thumbnailUrl":"https:\/\/blogs.donboscovolunteers.de\/ninosnews\/wp-content\/uploads\/sites\/21660\/2022\/12\/IMG_0517-768x1024.jpg","datePublished":"2022-12-07T22:16:33+00:00","breadcrumb":{"@id":"https:\/\/blogs.donboscovolunteers.de\/ninosnews\/advent-advent\/#breadcrumb"},"inLanguage":"de","potentialAction":[{"@type":"ReadAction","target":["https:\/\/blogs.donboscovolunteers.de\/ninosnews\/advent-advent\/"]}]},{"@type":"ImageObject","inLanguage":"de","@id":"https:\/\/blogs.donboscovolunteers.de\/ninosnews\/advent-advent\/#primaryimage","url":"https:\/\/blogs.donboscovolunteers.de\/ninosnews\/wp-content\/uploads\/sites\/21660\/2022\/12\/IMG_0517.jpg","contentUrl":"https:\/\/blogs.donboscovolunteers.de\/ninosnews\/wp-content\/uploads\/sites\/21660\/2022\/12\/IMG_0517.jpg","width":960,"height":1280},{"@type":"BreadcrumbList","@id":"https:\/\/blogs.donboscovolunteers.de\/ninosnews\/advent-advent\/#breadcrumb","itemListElement":[{"@type":"ListItem","position":1,"name":"Startseite","item":"https:\/\/blogs.donboscovolunteers.de\/ninosnews\/"},{"@type":"ListItem","position":2,"name":"Advent Advent"}]},{"@type":"WebSite","@id":"https:\/\/blogs.donboscovolunteers.de\/ninosnews\/#website","url":"https:\/\/blogs.donboscovolunteers.de\/ninosnews\/","name":"ninosnews","description":"Eine WEITERE Don Bosco Volunteers Blog Website","potentialAction":[{"@type":"SearchAction","target":{"@type":"EntryPoint","urlTemplate":"https:\/\/blogs.donboscovolunteers.de\/ninosnews\/?s={search_term_string}"},"query-input":{"@type":"PropertyValueSpecification","valueRequired":true,"valueName":"search_term_string"}}],"inLanguage":"de"}]}},"_links":{"self":[{"href":"https:\/\/blogs.donboscovolunteers.de\/ninosnews\/wp-json\/wp\/v2\/pages\/168","targetHints":{"allow":["GET"]}}],"collection":[{"href":"https:\/\/blogs.donboscovolunteers.de\/ninosnews\/wp-json\/wp\/v2\/pages"}],"about":[{"href":"https:\/\/blogs.donboscovolunteers.de\/ninosnews\/wp-json\/wp\/v2\/types\/page"}],"author":[{"embeddable":true,"href":"https:\/\/blogs.donboscovolunteers.de\/ninosnews\/wp-json\/wp\/v2\/users\/21750"}],"replies":[{"embeddable":true,"href":"https:\/\/blogs.donboscovolunteers.de\/ninosnews\/wp-json\/wp\/v2\/comments?post=168"}],"version-history":[{"count":1,"href":"https:\/\/blogs.donboscovolunteers.de\/ninosnews\/wp-json\/wp\/v2\/pages\/168\/revisions"}],"predecessor-version":[{"id":170,"href":"https:\/\/blogs.donboscovolunteers.de\/ninosnews\/wp-json\/wp\/v2\/pages\/168\/revisions\/170"}],"wp:attachment":[{"href":"https:\/\/blogs.donboscovolunteers.de\/ninosnews\/wp-json\/wp\/v2\/media?parent=168"}],"curies":[{"name":"wp","href":"https:\/\/api.w.org\/{rel}","templated":true}]}}