{"id":94,"date":"2026-08-17T17:59:32","date_gmt":"2026-08-17T15:59:32","guid":{"rendered":"https:\/\/blogs.donboscovolunteers.de\/miriamspragabenteuer\/?page_id=94"},"modified":"2026-08-17T17:59:33","modified_gmt":"2026-08-17T15:59:33","slug":"o-mne-a-mem-dobrodruzstvi","status":"publish","type":"page","link":"https:\/\/blogs.donboscovolunteers.de\/miriamspragabenteuer\/o-mne-a-mem-dobrodruzstvi\/","title":{"rendered":"O mn\u011b a m\u00e9m dobrodru\u017estv\u00ed"},"content":{"rendered":"<p class=\"wp-block-paragraph\">Za\u010dneme t\u00edm, <strong>kdo<\/strong> tady vlastn\u011b vykl\u00e1d\u00e1 sv\u00e9 p\u0159\u00edb\u011bhy cel\u00e9mu internetu:<\/p>\n\n\n\n<p class=\"wp-block-paragraph\">Jmenuji se Miriam a poch\u00e1z\u00edm z hezk\u00e9ho bavorsk\u00e9ho m\u011bsta Landshut.<br>V m\u00e9m voln\u00e9m \u010dasu r\u00e1da jezd\u00edm na kole a objevuji nov\u00e1 m\u00edsta v okol\u00ed Landshutu, nebo si vezmu zbytky l\u00e1tek a star\u00e9 oble\u010den\u00ed a n\u011bjak tak z toho vytvo\u0159\u00edm n\u011bco nov\u00e9ho. Alternativn\u011b stoj\u00edm se svou p\u0159\u00ed\u010dnou fl\u00e9tnou p\u0159ed stoj\u00e1nkem na noty a hraju pro v\u0161echny kolem m\u011b n\u011bjakou p\u00edsn\u010dku (a\u0165 u\u017e to cht\u011bj\u00ed sly\u0161et, nebo ne).<br>Stoprocentn\u011b voln\u00ed \u010das m\u00e1m ale m\u00e1lokdy, proto\u017ee v minul\u00fdch letech si na\u0161e farnost zab\u00edrala st\u00e1le v\u011bt\u0161\u00ed \u010d\u00e1st m\u00e9ho \u010dasu: organizace ministant\u016f, skupinky, ve\u010d\u00edrky, t\u00e1bory a dal\u0161\u00ed akce &#8211; n\u011bjak v\u017edycky n\u011bco najdu, jak ve farnosti str\u00e1vit spoustu \u010dasu, i kdy\u017e jsem se tam cht\u011bla &#8222;jen na chvilku pod\u00edvat&#8220;. No, je to tak, jak to je a jsem r\u00e1da \u017ee na\u0161e farnost &#8211; a hlavn\u011b farn\u00ed mlade\u017e &#8211; je pro m\u011b dnes m\u00fdm druh\u00fdm domovem a \u017ee m\u011b mezi p\u00e1tkem a ned\u011bl\u00ed asi najdete v na\u0161em kostele nebo v jeho okol\u00ed a na fa\u0159e.<\/p>\n\n\n\n<p class=\"wp-block-paragraph\">Po m\u00fdch prvn\u00edch 19 letech \u017eivota, kter\u00e9 jsem v\u0161echny str\u00e1vila v na\u0161em Landshutu, je pro m\u011b dost t\u011b\u0161k\u00e9 rozlou\u010dit se se v\u0161\u00edm, co pro m\u011b do te\u010fka bylo &#8222;domovem&#8220; a co tak dob\u0159e zn\u00e1m. <br>I kdy\u017e si v t\u011bchto dnech ob\u010das \u0159\u00edk\u00e1m &#8222;Naposledy ministrovat.&#8220;, &#8222;Naposledy jet do m\u011bsta.&#8220;, &#8222;Naposledy b\u00fdt tady nebo tam.&#8220;, c\u00edt\u00edm, \u017ee je opravdu \u010das, abych tady vypadla, abych poznala n\u011bco nov\u00e9ho a abych si z nov\u00e9ho m\u00edsta ud\u011blala sv\u016fj &#8222;domov&#8220;.<\/p>\n\n\n\n<p class=\"wp-block-paragraph\">A proto se u\u017e taky moc t\u011b\u0161\u00edm, \u017ee moje dobrodru\u017estv\u00ed Praha za deset dn\u00ed kone\u010dn\u011b za\u010d\u00edn\u00e1!<\/p>\n\n\n\n<h3 class=\"wp-block-heading\">O m\u00e9m dobrodru\u017estv\u00ed<\/h3>\n\n\n\n<p class=\"wp-block-paragraph\">Co &#8222;dobrodru\u017estv\u00ed Praha&#8220; pro mn\u011b znamen\u00e1?<br>Moje dobrodru\u017estv\u00ed Praha &#8211; to je pro mn\u011b ro\u010dn\u00ed dobrovolnick\u00e1 slu\u017eba s organizac\u00ed\u00a0<a href=\"https:\/\/www.donboscomission.de\/don-bosco\/\">Don Bosco<\/a>\u00a0Volunteers.<\/p>\n\n\n\n<details class=\"wp-block-details is-layout-flow wp-block-details-is-layout-flow\"><summary><strong>Kr\u00e1tk\u00fd p\u0159ehled o Don Bosco Volunteers<\/strong><\/summary>\n<p class=\"wp-block-paragraph\">Don Bosco Volunteers je salesi\u00e1nsk\u00e0 organisace pro dobrovoln\u00edky v N\u011bmecku, kter\u00e1  ka\u017ed\u00fd rok p\u0159ipravuje jednu skupinu dobrovoln\u00edk\u016f na slu\u017ebu v N\u011bmecku a druhou skupinu na slu\u017ebu v zahrani\u010d\u00ed. V\u0161ichni jsme pak vysl\u00e1ni do na\u0161ich projekt\u016f, kde budeme na dobu jednoho roku pom\u00e1hat tam\u011bj\u0161\u00edm pracovnik\u016fm. V\u0161echny projekty pracuj\u00ed s d\u011btmi a mlade\u017e\u00ed podle pedagogiky Dona Bosco. Nab\u00eddka je \u0161irok\u00e1 a sah\u00e1 od mate\u0159sk\u00fdch \u0161kol p\u0159es \u0161koly a d\u011btsk\u00e9 domovi a\u017e po st\u0159ediska ml\u00e1de\u017ee &#8211; zkr\u00e1tka v\u0161e, co d\u011bti pot\u0159ebuj\u00ed, &#8222;aby mlad\u00ed \u017eili r\u00e1di&#8220;.<\/p>\n<\/details>\n\n\n\n<p class=\"wp-block-paragraph\"><\/p>\n\n\n\n<p class=\"wp-block-paragraph\">J\u00e1 v Praze budu pracovat v c\u00edrkevn\u00ed <strong>mate\u0159sk\u00e9 \u0161kole<\/strong> v Karl\u00edn\u011b a v <strong>Salesi\u00e1nsk\u00e9m st\u0159edisku ml\u00e1de\u017ee Praha-Kobylisy<\/strong>. St\u0159edisko m\u00e1 pro d\u011bti a ml\u00e1de\u017e velkou nab\u00eddku: jednak je <strong>Orato\u0159<\/strong>. Sem mu\u017eou p\u0159ij\u00edt mlad\u00e9 lid\u00e9 ve v\u011bku od 6 do 18 let a mu\u017eou si prost\u011b hr\u00e1t, setk\u00e1vat se s kamar\u00e1dy nebo si zasportovat venku, t\u0159eba na fotbalov\u00e9m h\u0159i\u0161ti. Zat\u00edm m\u00e1m domluveno, \u017ee tam budu pracovat jedno odpoledne v t\u00fddnu. <br>D\u00e1le st\u0159edisko nab\u00edz\u00ed r\u016fzn\u00e9 krou\u017eky, mezi nimi i dou\u010dov\u00e1n\u00ed. J\u00e1 budu <strong>dou\u010dovat n\u011bm\u010dinu<\/strong> a nab\u00edz\u00edm <strong>krou\u017eek konverzace v n\u011bm\u010din\u011b<\/strong>.<br>Dal\u0161\u00ed \u010d\u00e1st\u00ed st\u0159ediska je <strong>n\u00edzkoprahov\u00fd klub Vrtule<\/strong> (jmenuje se tak, proto\u017ee v klubu vis\u00ed vrtule &#8211; t\u0159eba se je\u0161t\u011b dozv\u00edm, pro\u010d tam je) pro mlad\u00e9 lidi ve v\u011bku od 12 do 22 let.<br>I tam budu jednou t\u00fddn\u011b pom\u00e1hat a t\u0159eba se skupinou va\u0159it.<\/p>\n\n\n\n<p class=\"wp-block-paragraph\"><\/p>","protected":false},"excerpt":{"rendered":"<p>Za\u010dneme t\u00edm, kdo tady vlastn\u011b vykl\u00e1d\u00e1 sv\u00e9 p\u0159\u00edb\u011bhy cel\u00e9mu internetu: Jmenuji se Miriam a poch\u00e1z\u00edm z hezk\u00e9ho bavorsk\u00e9ho m\u011bsta Landshut.V m\u00e9m voln\u00e9m \u010dasu r\u00e1da jezd\u00edm na kole a objevuji nov\u00e1 m\u00edsta v okol\u00ed Landshutu, nebo si vezmu zbytky l\u00e1tek a star\u00e9 oble\u010den\u00ed a n\u011bjak tak z toho vytvo\u0159\u00edm n\u011bco nov\u00e9ho. Alternativn\u011b stoj\u00edm se svou p\u0159\u00ed\u010dnou [&hellip;]<\/p>\n","protected":false},"author":21894,"featured_media":0,"parent":0,"menu_order":0,"comment_status":"closed","ping_status":"closed","template":"","meta":{"footnotes":""},"class_list":["post-94","page","type-page","status-publish","hentry"],"yoast_head":"<!-- This site is optimized with the Yoast SEO plugin v28.0 - https:\/\/yoast.com\/product\/yoast-seo-wordpress\/ -->\n<title>O mn\u011b a m\u00e9m dobrodru\u017estv\u00ed - Auf nach Prag!<\/title>\n<meta name=\"robots\" content=\"index, follow, max-snippet:-1, max-image-preview:large, max-video-preview:-1\" \/>\n<link rel=\"canonical\" href=\"https:\/\/blogs.donboscovolunteers.de\/miriamspragabenteuer\/o-mne-a-mem-dobrodruzstvi\/\" \/>\n<meta property=\"og:locale\" content=\"de_DE\" \/>\n<meta property=\"og:type\" content=\"article\" \/>\n<meta property=\"og:title\" content=\"O mn\u011b a m\u00e9m dobrodru\u017estv\u00ed - Auf nach Prag!\" \/>\n<meta property=\"og:description\" content=\"Za\u010dneme t\u00edm, kdo tady vlastn\u011b vykl\u00e1d\u00e1 sv\u00e9 p\u0159\u00edb\u011bhy cel\u00e9mu internetu: Jmenuji se Miriam a poch\u00e1z\u00edm z hezk\u00e9ho bavorsk\u00e9ho m\u011bsta Landshut.V m\u00e9m voln\u00e9m \u010dasu r\u00e1da jezd\u00edm na kole a objevuji nov\u00e1 m\u00edsta v okol\u00ed Landshutu, nebo si vezmu zbytky l\u00e1tek a star\u00e9 oble\u010den\u00ed a n\u011bjak tak z toho vytvo\u0159\u00edm n\u011bco nov\u00e9ho. Alternativn\u011b stoj\u00edm se svou p\u0159\u00ed\u010dnou [&hellip;]\" \/>\n<meta property=\"og:url\" content=\"https:\/\/blogs.donboscovolunteers.de\/miriamspragabenteuer\/o-mne-a-mem-dobrodruzstvi\/\" \/>\n<meta property=\"og:site_name\" content=\"Auf nach Prag!\" \/>\n<meta property=\"article:modified_time\" content=\"2026-08-17T15:59:33+00:00\" \/>\n<meta name=\"twitter:card\" content=\"summary_large_image\" \/>\n<meta name=\"twitter:label1\" content=\"Gesch\u00e4tzte Lesezeit\" \/>\n\t<meta name=\"twitter:data1\" content=\"3\u00a0Minuten\" \/>\n<script type=\"application\/ld+json\" class=\"yoast-schema-graph\">{\"@context\":\"https:\\\/\\\/schema.org\",\"@graph\":[{\"@type\":\"WebPage\",\"@id\":\"https:\\\/\\\/blogs.donboscovolunteers.de\\\/miriamspragabenteuer\\\/o-mne-a-mem-dobrodruzstvi\\\/\",\"url\":\"https:\\\/\\\/blogs.donboscovolunteers.de\\\/miriamspragabenteuer\\\/o-mne-a-mem-dobrodruzstvi\\\/\",\"name\":\"O mn\u011b a m\u00e9m dobrodru\u017estv\u00ed - Auf nach Prag!\",\"isPartOf\":{\"@id\":\"https:\\\/\\\/blogs.donboscovolunteers.de\\\/miriamspragabenteuer\\\/#website\"},\"datePublished\":\"2026-08-17T15:59:32+00:00\",\"dateModified\":\"2026-08-17T15:59:33+00:00\",\"breadcrumb\":{\"@id\":\"https:\\\/\\\/blogs.donboscovolunteers.de\\\/miriamspragabenteuer\\\/o-mne-a-mem-dobrodruzstvi\\\/#breadcrumb\"},\"inLanguage\":\"de\",\"potentialAction\":[{\"@type\":\"ReadAction\",\"target\":[\"https:\\\/\\\/blogs.donboscovolunteers.de\\\/miriamspragabenteuer\\\/o-mne-a-mem-dobrodruzstvi\\\/\"]}]},{\"@type\":\"BreadcrumbList\",\"@id\":\"https:\\\/\\\/blogs.donboscovolunteers.de\\\/miriamspragabenteuer\\\/o-mne-a-mem-dobrodruzstvi\\\/#breadcrumb\",\"itemListElement\":[{\"@type\":\"ListItem\",\"position\":1,\"name\":\"Start\",\"item\":\"https:\\\/\\\/blogs.donboscovolunteers.de\\\/miriamspragabenteuer\\\/\"},{\"@type\":\"ListItem\",\"position\":2,\"name\":\"O mn\u011b a m\u00e9m dobrodru\u017estv\u00ed\"}]},{\"@type\":\"WebSite\",\"@id\":\"https:\\\/\\\/blogs.donboscovolunteers.de\\\/miriamspragabenteuer\\\/#website\",\"url\":\"https:\\\/\\\/blogs.donboscovolunteers.de\\\/miriamspragabenteuer\\\/\",\"name\":\"Auf nach Prag!\",\"description\":\"Abenteuer in Tschechiens Hauptstadt\",\"potentialAction\":[{\"@type\":\"SearchAction\",\"target\":{\"@type\":\"EntryPoint\",\"urlTemplate\":\"https:\\\/\\\/blogs.donboscovolunteers.de\\\/miriamspragabenteuer\\\/?s={search_term_string}\"},\"query-input\":{\"@type\":\"PropertyValueSpecification\",\"valueRequired\":true,\"valueName\":\"search_term_string\"}}],\"inLanguage\":\"de\"}]}<\/script>\n<!-- \/ Yoast SEO plugin. -->","yoast_head_json":{"title":"O mn\u011b a m\u00e9m dobrodru\u017estv\u00ed - Auf nach Prag!","robots":{"index":"index","follow":"follow","max-snippet":"max-snippet:-1","max-image-preview":"max-image-preview:large","max-video-preview":"max-video-preview:-1"},"canonical":"https:\/\/blogs.donboscovolunteers.de\/miriamspragabenteuer\/o-mne-a-mem-dobrodruzstvi\/","og_locale":"de_DE","og_type":"article","og_title":"O mn\u011b a m\u00e9m dobrodru\u017estv\u00ed - Auf nach Prag!","og_description":"Za\u010dneme t\u00edm, kdo tady vlastn\u011b vykl\u00e1d\u00e1 sv\u00e9 p\u0159\u00edb\u011bhy cel\u00e9mu internetu: Jmenuji se Miriam a poch\u00e1z\u00edm z hezk\u00e9ho bavorsk\u00e9ho m\u011bsta Landshut.V m\u00e9m voln\u00e9m \u010dasu r\u00e1da jezd\u00edm na kole a objevuji nov\u00e1 m\u00edsta v okol\u00ed Landshutu, nebo si vezmu zbytky l\u00e1tek a star\u00e9 oble\u010den\u00ed a n\u011bjak tak z toho vytvo\u0159\u00edm n\u011bco nov\u00e9ho. Alternativn\u011b stoj\u00edm se svou p\u0159\u00ed\u010dnou [&hellip;]","og_url":"https:\/\/blogs.donboscovolunteers.de\/miriamspragabenteuer\/o-mne-a-mem-dobrodruzstvi\/","og_site_name":"Auf nach Prag!","article_modified_time":"2026-08-17T15:59:33+00:00","twitter_card":"summary_large_image","twitter_misc":{"Gesch\u00e4tzte Lesezeit":"3\u00a0Minuten"},"schema":{"@context":"https:\/\/schema.org","@graph":[{"@type":"WebPage","@id":"https:\/\/blogs.donboscovolunteers.de\/miriamspragabenteuer\/o-mne-a-mem-dobrodruzstvi\/","url":"https:\/\/blogs.donboscovolunteers.de\/miriamspragabenteuer\/o-mne-a-mem-dobrodruzstvi\/","name":"O mn\u011b a m\u00e9m dobrodru\u017estv\u00ed - Auf nach Prag!","isPartOf":{"@id":"https:\/\/blogs.donboscovolunteers.de\/miriamspragabenteuer\/#website"},"datePublished":"2026-08-17T15:59:32+00:00","dateModified":"2026-08-17T15:59:33+00:00","breadcrumb":{"@id":"https:\/\/blogs.donboscovolunteers.de\/miriamspragabenteuer\/o-mne-a-mem-dobrodruzstvi\/#breadcrumb"},"inLanguage":"de","potentialAction":[{"@type":"ReadAction","target":["https:\/\/blogs.donboscovolunteers.de\/miriamspragabenteuer\/o-mne-a-mem-dobrodruzstvi\/"]}]},{"@type":"BreadcrumbList","@id":"https:\/\/blogs.donboscovolunteers.de\/miriamspragabenteuer\/o-mne-a-mem-dobrodruzstvi\/#breadcrumb","itemListElement":[{"@type":"ListItem","position":1,"name":"Start","item":"https:\/\/blogs.donboscovolunteers.de\/miriamspragabenteuer\/"},{"@type":"ListItem","position":2,"name":"O mn\u011b a m\u00e9m dobrodru\u017estv\u00ed"}]},{"@type":"WebSite","@id":"https:\/\/blogs.donboscovolunteers.de\/miriamspragabenteuer\/#website","url":"https:\/\/blogs.donboscovolunteers.de\/miriamspragabenteuer\/","name":"Auf nach Prag!","description":"Abenteuer in Tschechiens Hauptstadt","potentialAction":[{"@type":"SearchAction","target":{"@type":"EntryPoint","urlTemplate":"https:\/\/blogs.donboscovolunteers.de\/miriamspragabenteuer\/?s={search_term_string}"},"query-input":{"@type":"PropertyValueSpecification","valueRequired":true,"valueName":"search_term_string"}}],"inLanguage":"de"}]}},"_links":{"self":[{"href":"https:\/\/blogs.donboscovolunteers.de\/miriamspragabenteuer\/wp-json\/wp\/v2\/pages\/94","targetHints":{"allow":["GET"]}}],"collection":[{"href":"https:\/\/blogs.donboscovolunteers.de\/miriamspragabenteuer\/wp-json\/wp\/v2\/pages"}],"about":[{"href":"https:\/\/blogs.donboscovolunteers.de\/miriamspragabenteuer\/wp-json\/wp\/v2\/types\/page"}],"author":[{"embeddable":true,"href":"https:\/\/blogs.donboscovolunteers.de\/miriamspragabenteuer\/wp-json\/wp\/v2\/users\/21894"}],"replies":[{"embeddable":true,"href":"https:\/\/blogs.donboscovolunteers.de\/miriamspragabenteuer\/wp-json\/wp\/v2\/comments?post=94"}],"version-history":[{"count":8,"href":"https:\/\/blogs.donboscovolunteers.de\/miriamspragabenteuer\/wp-json\/wp\/v2\/pages\/94\/revisions"}],"predecessor-version":[{"id":110,"href":"https:\/\/blogs.donboscovolunteers.de\/miriamspragabenteuer\/wp-json\/wp\/v2\/pages\/94\/revisions\/110"}],"wp:attachment":[{"href":"https:\/\/blogs.donboscovolunteers.de\/miriamspragabenteuer\/wp-json\/wp\/v2\/media?parent=94"}],"curies":[{"name":"wp","href":"https:\/\/api.w.org\/{rel}","templated":true}]}}