{"id":76,"date":"2020-11-23T14:58:24","date_gmt":"2020-11-23T13:58:24","guid":{"rendered":"https:\/\/blogs.donboscovolunteers.de\/mahatmaausreisemahatmakeine\/?page_id=76"},"modified":"2020-12-24T00:21:25","modified_gmt":"2020-12-23T23:21:25","slug":"adventskalender","status":"publish","type":"page","link":"https:\/\/blogs.donboscovolunteers.de\/mahatmaausreisemahatmakeine\/adventskalender\/","title":{"rendered":"Adventskalender"},"content":{"rendered":"<h4 class=\"wp-block-heading\">Mahatma Advent, Mahatma Kalender &#8211; und Mahatma eben beides&#8230;<\/h4>\n\n\n\n<h5 class=\"has-vivid-red-color has-text-color wp-block-heading\">24. Dezember &#8211; Der Heilige Abend<\/h5>\n\n\n\n<p>\u201eWenn ich an Weihnachten denk, seh&#8216; ich die Kinder vor mir\u201c,\nso singt Rolf Zuckowski \u00fcber das Weihnachtsfest. Und wie w\u00fcrde ich \u00fcber\nWeihnachten singen? Wenn ich an Weihnachten denk\u2026<\/p>\n\n\n\n<p>Wenn ich an Weihnachten denk, dann sehe ich meine Familie vor mir, wie wir nach der Krippenandacht Zuhause auf das Gl\u00f6ckchen warten, das zur Bescherung ruft. Wenn es so weit ist, dann l\u00e4uft das Weihnachtsoratorium, wir stehen wir zu sechst um die Krippe und h\u00f6ren zu, wie Papa das Weihnachtsevangelium liest \u2013 mehr oder weniger konzentriert, denn der ein oder andere versucht schon viele Blicke auf die Geschenke unterm Baum zu erhaschen. <\/p>\n\n\n\n<p>Nach dem Evangelium steht dann das obligatorische Familiendr\u00fccken an. Erst jeder jeden und dann alle sechs. Zur Freude der kleinen Geschwister hat das Warten dann ein Ende und neugierig werden die unter dem Baum liegenden Geschenke ge\u00f6ffnet. W\u00e4hrend wir Kinder die Geschenke unter die Lupe nehmen, beginnt Papa das Weihnachtsessen zu kochen, das es exklusiv am Heiligen Abend gibt: Knackw\u00fcrste in Butter gebraten mit Kartoffeln und Sauerkraut \u2013 ein absolutes Muss f\u00fcr den 24. Dezember. <\/p>\n\n\n\n<p>Bis das Essen fertig ist, lassen wir uns das ein oder andere Pl\u00e4tzchen schmecken und tauschen unliebsame Naschereien von den Bunten Tellern unter uns aus. Dabei wechseln vor allem Marzipankartoffeln gern den Besitzer. Dann schauen wir noch gemeinsam in den Sack voller Mehr-oder-weniger-Klein-igkeiten. Es zieht immer der, f\u00fcr den das zuletzt aus dem Sack gezogene Geschenk bestimmt war, das n\u00e4chste Geschenk, solange, bis der Sack leer ist. Oft ziehen auch wir Geschwister dann noch einige Geschenke hervor oder k\u00fcndigen an, unsere Geschenke \u2013 zur besseren Aufteilung der Weihnachtsfreude \u2013 erst am kommenden Tag zu \u00fcberreichen. <\/p>\n\n\n\n<p>Dann gibt es das ersehnte Abendessen, das geb\u00fchrend genossen werden muss \u2013 schlie\u00dflich wird es ein Jahr dauern, bis es dieses Gericht wieder gibt. Doch irgendwann ist der Bauch leider voll, egal wie lecker und besonders das Weihnachtessen ist. Oft gehen wir abends noch in die Christnacht und schauen nach der R\u00fcckkehr aus der Kirche Weihnachtsfilme im Fernsehen an. So klingt der Heilige Abend meistens gem\u00fctlich aneinander gekuschelt auf dem Sofa aus. Und genau so muss er f\u00fcr mich sein. Eigentlich\u2026 <\/p>\n\n\n\n<p>Zu schade, dass wir dieses Jahr einige Programm\u00e4nderungen vornehmen mussten, doch der Infektionsschutz geht nat\u00fcrlich vor. Wie dem auch sei\u2026 Ich freue mich aufs Abendessen! <\/p>\n\n\n\n<p>So ihr lieben. Ich hoffe, mein Adventskalender war euch eine sch\u00f6ne Begleitung durch den Advent. Ich w\u00fcnsche euch allen von Herzen ein frohes und gesegnetes Weihnachtsfest! <\/p>\n\n\n\n<h5 class=\"has-vivid-red-color has-text-color wp-block-heading\">23. Dezember<\/h5>\n\n\n\n<p>Since I\u2019d\nbe in India right now, I\u2019m wondering what kind of Christmas tradition I would\nhave experienced there.<\/p>\n\n\n\n<p>In India Christmas\nis celebrated on December 25<sup>th<\/sup>. It is not a public holiday because Christianity\nis not so widespread there. Christians in India decorate a Christmas tree and\nput a nativity set as we do in Germany. They go to mass and prepare sweets but\nin contrast to Germany, where also atheists celebrate Christmas, it\u2019s exclusively\ncelebrated by Christians and at English schools in India. At these schools\nteachers and pupils of different religions celebrate Christmas together by\nattending prayer and singing Christmas carols. They exchange gifts and of\ncourse the English schools have Christmas vacations as we do.<\/p>\n\n\n\n<p>Da ich jetzt eigentlich in <a href=\"https:\/\/strassenkinder.de\/laender\/asien\/inden\/\">Indien<\/a> w\u00e4re, frage ich mich, welche Weihnachtstraditionen ich dort erlebt h\u00e4tte. <\/p>\n\n\n\n<p>In Indien feiert man Weihnachten am 25. Dezember. Es ist kein gesetzlicher Feiertag, da das Christentum in Indien nicht so weit verbreitet ist. Die Christen in Indien dekorieren einen Christbaum und stellen eine Krippe auf, so wie wir es in Deutschland machen. Sie gehen in die Messe und bereiten Naschereien vor. Im Gegensatz zu Deutschland, wo auch Atheisten Weihnachten feiern, wird es in Indien ausschlie\u00dflich von Christen und an englischen Schulen gefeiert. An diesen Schulen feiern Lehrer und Sch\u00fcler verschiedenster Religionen zusammen Weihnachten, indem sie gemeinsam Andacht halten und Weihnachtslieder singen. Es werden Geschenke ausgetauscht und nat\u00fcrlich haben die englischen Schulen Weihnachtferien wie wir. <\/p>\n\n\n\n<h5 class=\"has-vivid-red-color has-text-color wp-block-heading\">22. Dezember<\/h5>\n\n\n\n<p>Heute m\u00f6chte ich etwas \u00fcber die Freude am Schenken loswerden. Kennt ihr das? Ihr seid ganz gedankenverloren unterwegs und pl\u00f6tzlich sto\u00dft ihr auf DAS perfekte Weihnachtsgeschenk, doch es sind noch drei Monate bis Weihnachten? So sch\u00f6n es ist, bei Zeiten ein Geschenk zu finden, so schwer ist es doch manchmal, nicht direkt damit herauszuplatzen. Die Freude, die vor dem Schenken zu sp\u00fcren ist und das Erleben der Freude des Beschenkten beim Auspacken k\u00f6nnen durchaus gr\u00f6\u00dfer sein als die Freude, selbst beschenkt zu werden. So hat es mir letztes Jahr zu Weihnachten die gr\u00f6\u00dfte Freude bereitet, das Geschenk f\u00fcr meine Schwester zu basteln und sie zu beschenken. \u00dcber kein Geschenk habe ich mich so sehr gefreut wie \u00fcber ihre strahlenden Augen. Ich hoffe, dieses Jahr wieder solche Freude bereiten und teilen zu k\u00f6nnen. <\/p>\n\n\n\n<h5 class=\"has-vivid-red-color has-text-color wp-block-heading\">21. Dezember<\/h5>\n\n\n\n<p>Am Montag vor Weihnachten habe ich eine Last-Minute-Geschenkidee f\u00fcr euch. Alles was ihr braucht, ist ein Blatt Papier (bitte kein liederlich herausgerissenes Blatt aus eurem Schulblock), ein Stift und genug Zeit, um ohne Zeitdruck und mit einem angemessenen Ma\u00df an Sorgfalt zu arbeiten. Schreibt der Person, die ihr beschenken m\u00f6chtet doch mal einen Brief, in welchem ihr der Person erz\u00e4hlt, was ihr alles an ihr sch\u00e4tzt. Ihr k\u00f6nnt alles liebe, was euch einf\u00e4llt, aufschreiben. Zum Beispiel an welches sch\u00f6ne Erlebnis ihr euch erinnert, wenn ihr an die Person denkt, oder f\u00fcr welche F\u00e4higkeiten ihr die Person bewundert und wertsch\u00e4tzt. Je pers\u00f6nlicher der Brief geschrieben ist, desto sch\u00f6ner wird es sein, ihn zu lesen. Das ist ein sehr pers\u00f6nliches Geschenk und erspart euch obendrein die Sorge, ob Last-Minute-Bestellungen noch p\u00fcnktlich zum Fest ankommen. Und mal ganz ehrlich: Wer w\u00fcrde sich nicht \u00fcber einen Brief voller wertsch\u00e4tzender Worte zu Weihnachten freuen?! <\/p>\n\n\n\n<h5 class=\"has-vivid-red-color has-text-color wp-block-heading\">20. Dezember &#8211; Der vierte Advent<\/h5>\n\n\n\n<p>Mit der vierten Adventskerze m\u00f6chte ich an all die Menschen denken, die in diesem Jahr nicht die M\u00f6glichkeit haben, f\u00fcr die Weihnachtsfeiertage nach Hause zu ihrer Familie oder zu ihren Freunden zu reisen. Auf dass sie dennoch ein fr\u00f6hliches Weihnachtsfest erleben k\u00f6nnen, welches ihnen hoffentlich in positiver Erinnerung bleibt. Und f\u00fcr uns alle w\u00fcnsche ich mir, dass wir von Streitigkeiten rund um die Festtage so weit wie m\u00f6glich verschont bleiben, damit wir Weihnachten als ein Fest der Zufriedenheit und des gem\u00fctlichen Miteinanders erleben k\u00f6nnen. Einen sch\u00f6nen vierten Advent euch allen!<\/p>\n\n\n\n<h5 class=\"has-vivid-red-color has-text-color wp-block-heading\">19. Dezember<\/h5>\n\n\n\n<p>Heute ein weiterer unkonventioneller Feiertag: Der 19. Dezember wurde 2017 zum Tag der Weihnachtskugeln erkl\u00e4rt. Obwohl ein Christbaum ohne Kugeln heutzutage kaum vorstellbar ist, handelt es sich bei selbigen um eine vergleichsweise junge Tradition, die ihren Ursprung in einer Glasbl\u00e4serei im th\u00fcringischen Lauscha hat. Mitte des 19. Jahrhunderts wurden die Weihnachtskugeln dort erstmals hergestellt, wie die schriftliche \u00dcberlieferung einer Bestellung von mehreren Dutzend Kugeln aus dem Jahr 1848 vermuten l\u00e4sst. Ab 1867 stieg die Nachfrage nach dem gl\u00e4sernen Baumschmuck an und dieser entwickelte sich immer mehr zur Massenware. Der Import der Kugeln in die Vereinigten Staaten durch den US-amerikanischen Gesch\u00e4ftsmann Frank Winfield Woolworth l\u00e4utete den internationalen Siegeszug der Christbaumkugeln ein. Durch den enormen Gewinn, den die Kugeln einbrachten, schaffte es der deutsche Produktionsstandort, die Wirtschaftskrise zu Beginn des 20. Jahrhunderts unbeschadet zu \u00fcberstehen. Bis zum Ersten Weltkrieg blieb die th\u00fcringer Glasbl\u00e4serei der einzige Hersteller des Christbaumschmucks. <\/p>\n\n\n\n<h5 class=\"has-vivid-red-color has-text-color wp-block-heading\">18. Dezember<\/h5>\n\n\n\n<p>Heute ist der Trag-eine-Saugglocke-als-Kopfbedeckung-Tag! Also wer sich den ausgedacht hat, der verf\u00fcgt wohl \u00fcber eine grenzenlose Fantasie und zu viel Freizeit. Und jede Person, die ihr heute mit einer Saugglocke auf dem Kopf seht, muss wohl vor Selbstbewusstsein strotzen. Vielleicht traut ihr euch aber auch selbst, diese einzigartige Hutmode auszuprobieren? <\/p>\n\n\n\n<p>Wenn euch dieser Feiertag aber zu abgefahren ist, dann kann ich euch beruhigen, denn heute ist auch der Back-Pl\u00e4tzchen-Tag. M\u00f6glicherweise trifft das eher euren Geschmack. Und vielleicht hat der ein oder andere nach Home-Schooling oder Home-Office noch Lust, ein paar Pl\u00e4tzchen zu backen? Ansonsten tut es Pl\u00e4tzchen essen auch! <\/p>\n\n\n\n<h5 class=\"has-vivid-red-color has-text-color wp-block-heading\">17. Dezember<\/h5>\n\n\n\n<p>Ich m\u00f6chte euch heute dazu einladen, euch Gedanken dar\u00fcber zu machen, was euch heute gl\u00fccklich gemacht hat. War es ein gutes Wort? Die nette Geste eines Mitmenschen? Oder trotz des Lockdowns einfach mal ein paar Minuten allein zu sein? Vielleicht geht ihr heute mit einem gesch\u00e4rften Blick durch den Tag, um die wohltuenden Kleinigkeiten im Trubel des Alltags nicht zu \u00fcbersehen. Ihr k\u00f6nnt auch eine kleine Liste schreiben, um euch diese am Ende des Tages noch einmal durchzulesen und euch an die sch\u00f6nsten Augenblicke des Tages zu erinnern. Bestimmt kommt mehr zusammen, als ihr erwartet! <\/p>\n\n\n\n<h5 class=\"has-vivid-red-color has-text-color wp-block-heading\">16. Dezember<\/h5>\n\n\n\n<p>Ich m\u00f6chte den Song &#8222;Wall In My Head&#8220; aus dem Musical &#8222;Everybody&#8217;s Talking About Jamie&#8220; mit euch teilen. Dieser Song ist besonders f\u00fcr mich, weil ich mich selbst darin wieder erkenne. Ich habe euch einige Verse mitgebracht:<\/p>\n\n\n\n<p>It was something he said<br>Something he said<br>His words built a wall<br>A wall inside my head<\/p>\n\n\n\n<p>Just one little thing<br>Didn&#8217;t mean that much to him<br>But it keeps building and building and building<br>This wall in my head<br>This wall in my head<\/p>\n\n\n\n<p>[&#8230;]<\/p>\n\n\n\n<p>So I keep climbing and climbing and climbing<br>This wall in my head, head, head<br>I&#8217;ll keep on climbing and climbing and climbing<br>This wall in my head, head, head<br>This wall in my head<br>This wall in my head<\/p>\n\n\n\n<p>[&#8230;]<\/p>\n\n\n\n<p>Den ganzen Song k\u00f6nnt ihr euch anh\u00f6ren unter <a href=\"https:\/\/youtu.be\/7lup66yHm4g\">https:\/\/youtu.be\/7lup66yHm4g<\/a><\/p>\n\n\n\n<h5 class=\"has-vivid-red-color has-text-color wp-block-heading\">15. Dezember<\/h5>\n\n\n\n<p>Heute ist Internationaler Tee Tag! Wusstet ihr nicht? Ich auch nicht. Doch das ist kein Grund, nicht dieses Jahr damit zu beginnen, ihn zu feiern. Nehmt euch im Laufe des Tages mal eine Viertelstunde Zeit und kocht euch eine Tasse Tee. Vielleicht findet ihr dazu noch das ein oder andere Pl\u00e4tzchen oder ein St\u00fcck Obst. Kuschelt euch in eine Decke ein, legt die F\u00fc\u00dfe hoch, macht euch etwas Musik an \u2013 sei es Weihnachtsmusik oder wonach immer euch ist &#8211; und g\u00f6nnt euch ganz bewusst eine kurze Pause vom Alltag. Das tut gut! <\/p>\n\n\n\n<h5 class=\"has-vivid-red-color has-text-color wp-block-heading\">14. Dezember<\/h5>\n\n\n\n<p>Heute ist (endlich oder schon?) der Tag, an dem ich f\u00fcr die\nWeihnachtsferien nach Hause fahre. Ich habe mich zwar auch in Benediktbeuern\nzuhause gef\u00fchlt, aber in einigen Punkten kam Benediktbeuern nicht an Zuhause\nheran. Denn im Gegensatz zu Benediktbeuern ist Zuhause:<\/p>\n\n\n\n<p>\u2026da, wo die Luft nach nichts riecht<\/p>\n\n\n\n<p>\u2026da, wo das Besteck in der richtigen Reihenfolge einsortiert\nist<\/p>\n\n\n\n<p>\u2026da, wo Einigkeit \u00fcber den Artikel vor \u201eNutella\u201c herrscht<\/p>\n\n\n\n<p>\u2026da, wo jeder seinen festen Sitzplatz hat<\/p>\n\n\n\n<p>\u2026da, wo ich von meiner Schwester gepiesackt werde, bis mir\ndie Lachtr\u00e4nen kommen<\/p>\n\n\n\n<p>\u2026da, wo man schon an den Schritten h\u00f6rt, wer gerade kommt<\/p>\n\n\n\n<p>\u2026da, wo man ohne Badelatschen duschen geht <\/p>\n\n\n\n<p>\u2026da, wo Oma heimlich Sachen versteckt <\/p>\n\n\n\n<h5 class=\"has-vivid-red-color has-text-color wp-block-heading\">13. Dezember &#8211; Der dritte Advent<\/h5>\n\n\n\n<p>Die dritte Adventskerze m\u00f6chte ich allen Eltern widmen, die sich\nf\u00fcr ihre Familie, und insbesondere f\u00fcr ihre Kinder, kein Weihnachtsfest in\nH\u00fclle und F\u00fclle leisten k\u00f6nnen. Bei denen am Heiligen Abend kein Festmahl\naufgetischt werden kann und kein reich geschm\u00fcckter Christbaum die Wohnung ziert.\nIch w\u00fcnsche all diesen Eltern, dass es ihnen gelingt, ihren Kindern trotz\nfinanzieller Engp\u00e4sse ein sch\u00f6nes Weihnachtsfest zu bereiten. Den Kindern\nw\u00fcnsche ich, dass ihnen nicht durch den Vergleich mit Anderen die Freude an dem\nWeihnachtsfest genommen wird, dass ihnen ihre Eltern erm\u00f6glichen.\n\nIch lade\neuch dazu ein, heute an diese Eltern und ihre Familien zu denken, wenn ihr die\ndritte Kerze auf euren Adventskr\u00e4nzen entz\u00fcndet.\n\n\n\n<\/p>\n\n\n\n<h5 class=\"has-vivid-red-color has-text-color wp-block-heading\">12. Dezember<\/h5>\n\n\n\n<p>Heute m\u00f6chte ich gerne ein St\u00fcck Kultur mit euch teilen. Vielleicht hat der ein oder andere von euch am Wochenende etwas Zeit und Lust, sich ein Musical anzusehen? Ich m\u00f6chte euch das Musical \u201eEverybody\u2019s Talking About Jamie\u201c empfehlen, welches mich mit seinen tollen Songs in seinen Bann gezogen und mit seiner Botschaft ber\u00fchrt hat. \u201eStop waiting for permission to be you!\u201c \u2013 H\u00f6re auf, auf eine Erlaubnis, du selbst zu sein, zu warten. Das West End Musical beruht auf der wahren Geschichte von Jamie Campbell, einem 16 j\u00e4hrigen Sch\u00fcler, dessen Traum es ist, eine Drag Queen zu sein. 2018 gewann das Musical den WhatsOnStage Award in der Kategorie \u201eBest New Musical\u201c. Ihr k\u00f6nnt es in voller L\u00e4nge (2:23:14) und in Originalsprache (Englisch) auf YouTube ansehen: <a href=\"https:\/\/youtu.be\/VLIl935aEvg\">https:\/\/youtu.be\/VLIl935aEvg<\/a><\/p>\n\n\n\n<h5 class=\"has-vivid-red-color has-text-color wp-block-heading\">11. Dezember<\/h5>\n\n\n\n<p>Wem die letzten Tage nicht Kulturschock genug waren, der kommt heute vielleicht auf seine Kosten. Ich bin zwar nicht im Ausland, aber die Zeit in Bayern h\u00e4lt auch vieles \u00dcberraschende f\u00fcr mich bereit:<\/p>\n\n\n\n<ol class=\"wp-block-list\"><li>Kn\u00f6del \u2013 Wie bereits ausgef\u00fchrt alles andere als meinen Erwartungen entsprechend.<\/li><li>Dampfnudeln \u2013 Und was ist daran \u00fcberhaupt Nudel?!<\/li><li>Fl\u00e4dlesuppe \u2013 Wer isst denn bitte nicht alle Eierkuchen schon vor der Suppe auf?!<\/li><li>Obazda \u2013 Definitiv eine kulinarische Bereicherung.<\/li><li>Kr\u00e4ppelchen \u2013 Es gibt Leute, die keine Kr\u00e4ppelchen kennen!!!<\/li><li>Knackwurst \u2013 Auch die ist offenbar nicht jedem ein Begriff.<\/li><li>Prasselkuchen \u2013 Ich h\u00e4tte nicht damit gerechnet, mal jemandem erkl\u00e4ren zu m\u00fcssen, was ein Prasselkuchen ist.<\/li><li>Herrnhuter Sterne und Schwibb\u00f6gen \u2013 Die sind zwar vielen bekannt, aber nicht namentlich, sondern erst, nachdem sie ein Bild davon gesehen haben. <\/li><\/ol>\n\n\n\n<h5 class=\"has-vivid-red-color has-text-color wp-block-heading\">10. Dezember<\/h5>\n\n\n\n<p>Passend zum gestrigen Thema m\u00f6chte ich heute einen Song mit\neuch teilen, der mir au\u00dferordentlich gut gef\u00e4llt: \u201eBloom\u201c von Astro. Ich\nbewundere, was f\u00fcr eine Ruhe der Song ausstrahlt. Damit passt er f\u00fcr mich sehr\ngut zur winterlichen Adventsstimmung. Nat\u00fcrlich ist Bloom auf Koreanisch. Man\nk\u00f6nnte vielleicht meinen, das w\u00e4re der Grund, warum ich den Song so liebe, aber\nweit gefehlt. Viel eher ist die Tatsache, dass der Song auf Koreanisch ist das\neinzige Problem, vor das mich der Song stellt. Denn es h\u00e4lt mich davon ab,\nleidenschaftlich mitzusingen. Aber das wird noch! Einen anderen Koreanischen\nSong habe ich schon nahezu komplett auswendig gelernt \u2013 auch wenn ich bei den\nmeisten Versen keine Ahnung habe, was ich da eigentlich singe \u2013 und das schaffe\nich bei Bloom auch noch! Das ist nur eine Frage der Zeit.\n\nZum Song:\n<a href=\"https:\/\/youtu.be\/NWvrQtGdzAU\">https:\/\/youtu.be\/NWvrQtGdzAU<\/a><\/p>\n\n\n\n<h5 class=\"has-vivid-red-color has-text-color wp-block-heading\">09. Dezember<\/h5>\n\n\n\n<p>In der Mittelstufe habe ich mich dagegen entschieden, Spanisch zu lernen, weil ich es nicht ausstehen konnte, Vokabeln lernen zu m\u00fcssen. Jetzt versuche ich, im Selbststudium Koreanisch zu lernen. Wie passt das zusammen? <\/p>\n\n\n\n<p>Mit Koreanisch habe ich den wunderbaren Unterschied kennengelernt, der zwischen \u201elernen m\u00fcssen\u201c und \u201elernen wollen\u201c besteht. In der Schule habe ich Sprachen gelernt, weil ich sie lernen musste. Da das Lernen von zwei Fremdsprachen au\u00dfer Frage stand, er\u00fcbrigte sich die Frage, ob ich das, was ich lernen muss, auch lernen will. Koreanisch hingegen hat mich erst durch seine Schrift, dann durch seinen Klang in seinen Bann gezogen. Innerhalb weniger Stunden lernte ich die Schrift zu lesen und zu schreiben. 40 Buchstaben. Das w\u00e4re wohl unter schulischen Bedingungen nicht so schnell gegangen. Der Schl\u00fcssel ist, das zu lieben, was man lernt. Dann saugt man im Handumdrehen 40 Buchstaben in sich auf und hat auch noch Spa\u00df dabei. Alles was jetzt noch fehlt sind die Vokabeln und die lassen sich viel besser lernen ohne den Termin des n\u00e4chsten Vokabeltests im Hinterkopf. <\/p>\n\n\n\n<h5 class=\"has-vivid-red-color has-text-color wp-block-heading\">08. Dezember<\/h5>\n\n\n\n<p>Happy Pretend to be a Time Traveler Day everybody! Heute schon durch die Zeit gereist? Dieser Feiertag wurde 2007 erschaffen und ist&#8230; sagen wir mal besonders. Die Person von euch, die es schafft, heute jemanden davon zu \u00fcberzeugen, ein Zeitreisender oder eine Zeitreisende zu sein, der bekommt einen Keks! <\/p>\n\n\n\n<h5 class=\"has-vivid-red-color has-text-color wp-block-heading\">07. Dezember<\/h5>\n\n\n\n<p>Dank einiger Bollywood-Filme konnte ich von Benediktbeuern\naus etwas in die indische Kultur eintauchen. Den Film \u201ePK\u201c kann ich euch sehr\nempfehlen. Der Film handelt vom Au\u00dferirdischen PK, der auf der Erde landet und\nauf der Suche nach Gott, mit dem er noch ein H\u00fchnchen zu rupfen hat, auf eine\nJournalistin trifft. Mit ihrer Hilfe lernt er die Erde kennen und versucht, die\nFernbedienung f\u00fcr sein Raumschiff wieder zu bekommen. Der Film ist urkomisch,\nbedient das ein oder andere Klischee indischer Filme und ist obendrein noch\nreligionskritisch. Der perfekte Film f\u00fcr Lachtr\u00e4nen!\n\nFalls der\nFilm nicht in der Bibliothek zu finden sein sollte, dann gibt es ihn hier in\nOriginalsprache mit Untertiteln: <a href=\"https:\/\/youtu.be\/sSb-OtEtlVo\">https:\/\/youtu.be\/sSb-OtEtlVo<\/a><\/p>\n\n\n\n<h5 class=\"has-vivid-red-color has-text-color wp-block-heading\">06. Dezember &#8211; Der zweite Advent<\/h5>\n\n\n\n<p>Am heutigen Sonntag sind zugleich der zweite Advent und der Nikolaustag. Die zweite Kerze auf dem Adventskranz m\u00f6chte ich daher f\u00fcr alle Kinder entz\u00fcnden, die keine Schuhe haben, die sie f\u00fcr heute heraus stellen konnten. Ich lade euch heute ein, an all die Kinder zu denken, denen es an Dingen fehlt, die f\u00fcr uns relativ selbstverst\u00e4ndlich sind: Schuhe, frisch gewaschene Kleidung im Schrank, Essen auf Vorrat f\u00fcr die n\u00e4chsten Mahlzeiten, ein Bad zu ihrer Verf\u00fcgung, ein R\u00fcckzugsort, ein Adventskalender, vier Adventskerzen\u2026 Vielleicht m\u00f6chtet ihr diese Kinder heute mit in euer Gebet nehmen oder an sie denken, wenn ihr die zweite Kerze auf eurem Adventskranz anz\u00fcndet. <\/p>\n\n\n\n<h5 class=\"has-vivid-red-color has-text-color wp-block-heading\">05. Dezember<\/h5>\n\n\n\n<p>Ich versuche mir vorzustellen, wie mein Alltag nun auss\u00e4he,\nwenn ich wie geplant Anfang September nach Indien h\u00e4tte ausreisen k\u00f6nnen. Wie\nviel Hindi w\u00fcrde ich vielleicht schon verstehen und sprechen k\u00f6nnen? Welche\nMenschen h\u00e4tte ich inzwischen kennen gelernt und wie viele neue Freundschaften\ngekn\u00fcpft? W\u00fcrde ich indisches Essen mit seiner Sch\u00e4rfe genie\u00dfen oder w\u00fcrde es\nmir den Rachen verbrennen?<\/p>\n\n\n\n<p>Und was habe ich stattdessen bisher erlebt? Ich bin in eine WG mit 25 mir anfangs komplett unbekannten Jugendlichen gezogen. In den t\u00e4glichen Seminaren habe ich mich mit nachhaltiger Entwicklung und Menschenrechten auseinandergesetzt. Ich habe selbst ein Seminar gehalten. Im Praktikum habe ich auch neue Leute kennengelernt: Jugendliche und junge Erwachsene, die im Caritas-<a href=\"https:\/\/www.donboscomission.de\/don-bosco\/\">Don Bosco<\/a> Werk in W\u00fcrzburg ihre Ausbildung machen, die Betreuer im Internat und die W\u00fcrzburger Salesianer. All diese Begegnungen waren eine gro\u00dfe Bereicherung f\u00fcr mich. Ich habe mir neue Kompetenzen angeeignet, wie Selbstf\u00fchrung und die F\u00e4higkeit, in nicht vorhergesehenen stressigen Situationen die Ruhe zu bewahren und auf mein eigenes Urteil zu vertrauen. Und ja\u2026 letztendlich habe ich nat\u00fcrlich auch gelernt, meine W\u00e4sche selbst zu waschen. So habe ich bisher doch viel gelernt, obwohl ich nicht nach Indien ausreisen konnte. <\/p>\n\n\n\n<p>F\u00fcr die Erm\u00f6glichung all dieser Erlebnisse und Erfahrungen gilt mein herzlicher Dank dem Team von Don Bosco Volunteers. Sicherlich stehen mir in den kommenden Monaten noch viele bereichernde Erfahrungen bevor, die ich mit Spannung erwarte. Nat\u00fcrlich m\u00f6chte ich euch auch dann weiter auf dem Laufenden halten. F\u00fcr morgen wird es schwer, einen Nikolausstiefel auf meinen Blog zu stellen. Und wer wei\u00df, ob der Nikolaus \u00fcberhaupt einen Internetanschluss hat\u2026 Wenn allerdings ihr \u2013 als kleine Nikol\u00e4use &#8211; mich f\u00fcr meinen Einsatz als Freiwillige mit einer Spende unterst\u00fctzen m\u00f6chtet, dann bin ich euch daf\u00fcr von Herzen dankbar! <\/p>\n\n\n\n<h5 class=\"has-vivid-red-color has-text-color wp-block-heading\">04. Dezember<\/h5>\n\n\n\n<p>In Indien leben etwa zweieinhalb Tausend <a href=\"https:\/\/www.donboscomission.de\/don-bosco\/erbe\/\">Salesianer Don Boscos<\/a>. Diese   betreiben eine Vielzahl an Projekten, \u00fcberwiegend Stra\u00dfenkinderprojekte mit dem Ziel, den Kindern das Kindsein zu erm\u00f6glichen, indem man ihnen ein Zuhause bietet. So m\u00fcssen sich die Kinder nicht von fr\u00fch bis sp\u00e4t darum   sorgen, ihr \u00dcberleben zu sichern. In den salesianischen Projekten bekommen die Kinder und Jugendlichen einen Zugang zu Schulbildung und die M\u00f6glichkeit, eine Berufsausbildung abzuschlie\u00dfen. Damit werden die jungen Menschen auf ein Leben in Selbstst\u00e4ndigkeit vorbereitet. Allein in Vijayawada \u2013 wo ich meinen <a href=\"https:\/\/www.donboscovolunteers.de\/\">Freiwilligendienst<\/a> leisten w\u00fcrde \u2013 gibt es zahlreiche Projekte wie Shelter, Projekte f\u00fcr Drogenabh\u00e4ngige und Schulen. Die Salesianer gehen in die Slums, um die Kinder abzuholen und in die Schule zu bringen. Oftmals muss ebenfalls \u00dcberzeugungsarbeit bei den Eltern geleistet werden, da diese h\u00e4ufig selbst nicht in den Genuss eines Schulbesuchs gekommen sind und dem entsprechend die Notwendigkeit der Schulbildung f\u00fcr ihre Kinder nicht sehen.   <\/p>\n\n\n\n<h5 class=\"has-vivid-red-color has-text-color wp-block-heading\">03. Dezember<\/h5>\n\n\n\n<p> F\u00fcr den Auslandsfreiwilligendienst, den ich absolviere, arbeitet Don Bosco Volunteers mit dem \u201eweltw\u00e4rts\u201c-Programm zusammen. weltw\u00e4rts ist der entwicklungspolitische Freiwilligendienst des deutschen Bundesministeriums f\u00fcr wirtschaftliche Zusammenarbeit und Entwicklung (BMZ). Seit 2008 haben junge Erwachsene im Alter von 18 bis 28 Jahren in diesem Programm die M\u00f6glichkeit, Entwicklungszusammenarbeit zu leisten. Das weltw\u00e4rts-Programm hat seit seiner Gr\u00fcndung rund 41.000 jungen Erwachsenen wichtige Impulse f\u00fcr zivilgesellschaftliches Engagement gegeben. In Entwicklungsprojekten in Afrika, Lateinamerika, S\u00fcdosteuropa und Asien \u2013 wo ich jetzt in Indien w\u00e4re \u2013 bietet weltw\u00e4rts den Freiwilligen die Gelegenheit zum interkulturellen Austausch und f\u00f6rdert so Achtung, Toleranz und die V\u00f6lkerverst\u00e4ndigung. Das BMZ f\u00f6rdert den Freiwilligendienst im weltw\u00e4rts-Programm finanziell zu bis zu 75% und tr\u00e4gt dadurch ma\u00dfgeblich zur Erm\u00f6glichung meines Engagements als Volont\u00e4rin bei. <\/p>\n\n\n\n<h5 class=\"has-vivid-red-color has-text-color wp-block-heading\">02. Dezember<\/h5>\n\n\n\n<p>Die Salesianer Don Boscos sind mit rund 15.300 Mitgliedern aus 132 Nationen die zweitgr\u00f6\u00dfte Ordensgemeinschaft der katholischen Kirche. In der Nachfolge des Wirkens Don Boscos ist die Don Bosco Familie als weltweite Bewegung entstanden. Unter diesem Namen setzten sich Ordensleute und Laien, Haupt- und Ehrenamtliche, Christen und Nichtchristen f\u00fcr die Zukunftsperspektiven junger Menschen ein. Dieses globale Netzwerk bietet auch Don Bosco Volunteers viele Einsatzbereiche. Don Bosco Volunteers bietet jungen Menschen im einj\u00e4hrigen Freiwilligendienst die Gelegenheit, sich f\u00fcr junge Menschen \u2013 vorwiegend benachteiligte Kinder und Jugendliche &#8211; zu engagieren. Nicht Beobachter der Welt zu sein, sondern anzupacken und mitzugestalten. Das ist mit Don Bosco Volunteers sowohl im Inland, als auch in \u00fcber 90 L\u00e4ndern Asiens, Afrikas, S\u00fcdamerikas und Osteuropas m\u00f6glich. Und mein Freiwilligen-Jahrgang leistet eben einen Auslandsfreiwilligendienst im Inland &#8211; den Umst\u00e4nden verschuldet\u2026 <\/p>\n\n\n\n<h5 class=\"has-vivid-red-color has-text-color wp-block-heading\">01. Dezember<\/h5>\n\n\n\n<p>Euch ist ja bekannt, dass der Tr\u00e4ger meines Freiwilligendienstes \u201eDon Bosco Volunteers\u201c ist. Aber wisst ihr auch, wer Don Giovanni Bosco \u00fcberhaupt war? Giovanni Bosco wurde 1815 in Becchi bei Turin (Italien) geboren. Im Alter von neun Jahren hatte Don Bosco seinen Berufungstraum. Er tr\u00e4umte von einer Begegnung mit Jesus Christus, welcher ihm seinen k\u00fcnftigen Weg als Erzieher und Priester wies. 1841 wurde Don Bosco in Turin zum Priester geweiht. Dort baute er in den Folgejahren das salesianische Jugendwerk auf. 1859 gr\u00fcndete er die \u201eGesellschaft des heiligen Franz von Sales\u201c, den er f\u00fcr seine G\u00fcte und Menschenfreundlichkeit verehrte -die heutigen \u201eSalesianer Don Boscos\u201c. <\/p>\n\n\n\n<p>Unter dem Motto \u201eFr\u00f6hlich sein, Gutes tun und die Spatzen pfeifen lassen!\u201c widmete er sein Leben den jungen Menschen, die unter den Begleiterscheinungen der Industrialisierung litten. Als \u201eAnwalt der Jugend\u201c begleitete er junge Menschen bei der Suche nach Ausbildungspl\u00e4tzen und auf dem Weg zum Erwachsensein. Er teilte die Freizeit mit ihnen und gab ihnen eine Heimat. Sein revolution\u00e4rer Erziehungsstil setzte darauf, dass in jedem jungen Menschen ein guter Kern stecke, den es freizulegen gelte.  So wollte er die Jugendlichen mit Vernunft, Liebe und Religion zu verantwortungsvollen B\u00fcrgern und guten Christen erziehen. Am 31.01.1888 starb Don Bosco in Turin. Papst Pius XI. sprach ihn 1929 selig und zu Ostern 1934 heilig. <\/p>\n\n\n\n<h5 class=\"has-vivid-red-color has-text-color wp-block-heading\">30. November<\/h5>\n\n\n\n<p> Jetzt dauert es nur noch einen Monat bis zum Jahreswechsel und damit dem Ende dieses verr\u00fcckten Jahres, das gef\u00fchlt im M\u00e4rz stehen blieb. F\u00fcr einige Menschen ist der nahende Jahreswechsel ein Anlass, um sich Neujahrsvors\u00e4tze zu \u00fcberlegen. Lange fand ich, das sei ein seltsamer Brauch, doch inzwischen finde ich die Idee recht sinnvoll. In den vergangenen Jahren hatte ich mehr oder weniger das Jahresziel, auf meinen Schulabschluss hinzuarbeiten, doch jetzt nach dem Abitur ist dieses Ziel erf\u00fcllt. Was nehme ich mir also f\u00fcr das Jahr 2021 vor? <\/p>\n\n\n\n<p>Ich glaube, ein mehr oder weniger konkretes Ziel kann Orientierung f\u00fcr das anstehende Jahr geben. Wo m\u00f6chte ich mich in einem Jahr sehen? Wie konkret kann ein Ziel sein, wenn man momentan praktisch nur auf Sichtweite planen kann? Wird ein Ziel, welches ich mir jetzt setze, bis Ende kommenden Jahres, durch welche Infektionsschutzma\u00dfnahmen auch immer, \u00fcberhaupt erreichbar sein? Den Dezember m\u00f6chte ich nutzen, um mir dar\u00fcber Gedanken zu machen. Wie sieht es bei euch aus? Macht ihr euch Neujahrsvors\u00e4tze? <\/p>\n\n\n\n<h5 class=\"has-vivid-red-color has-text-color wp-block-heading\">29. November &#8211; Der erste Advent<\/h5>\n\n\n\n<p>An den Adventssonntagen sitzen bestimmt viele von euch beim Schein der Adventskerze(n) zusammen und genie\u00dfen ein gem\u00fctliches Kaffeetrinken mit der Familie. Zum ersten Mal seit elf Monaten werden wieder die Advents- und Weihnachtslieder angeh\u00f6rt und w\u00e4hrend der Tisch mit Geb\u00e4ck und warmen Getr\u00e4nken gedeckt wird, gibt es vielleicht beim ein oder anderen eine Diskussion, welche Kerze als n\u00e4chstes angez\u00fcndet werden soll. Die Kerze gegen\u00fcber der zuletzt angez\u00fcndeten oder sollen die Kerzen lieber der Reihe nach in Uhrzeigersinn entz\u00fcndet werden? Doch sehen wir die Adventskerzen mal nicht als Streitobjekt, sondern messen wir ihnen eine gr\u00f6\u00dfere Bedeutung zu. Ich lade euch ein, an jedem Adventssonntag das Licht und die W\u00e4rme, die die Kerzen in eure Wohnungen bringen, gedanklich an andere weiter zu geben. <\/p>\n\n\n\n<p>Ob beim Anz\u00fcnden der ersten Adventskerze oder im Gebet, lasst uns heute am ersten Advent an all jene denken, die in ihren K\u00f6pfen aus verschiedensten Gr\u00fcnden keinen Raum f\u00fcr vorweihnachtliche Besinnlichkeit haben. Auf dass auch die Menschen, denen auf Arbeit oder in der Schule vor nahenden Fristen beinahe der Kopf platzt oder denen die Sorgen durch die Pandemie keine Ruhe lassen, den Advent als eine Zeit der Entspannung und der Freude erleben k\u00f6nnen. Ich w\u00fcnsche euch allen einen sch\u00f6nen ersten Advent&nbsp;und in den kommenden Wochen viel Freude mit meinem Adventskalender! <\/p>","protected":false},"excerpt":{"rendered":"<p>Mahatma Advent, Mahatma Kalender &#8211; und Mahatma eben beides&#8230; 24. Dezember &#8211; Der Heilige Abend \u201eWenn ich an Weihnachten denk, seh&#8216; ich die Kinder vor mir\u201c, so singt Rolf Zuckowski \u00fcber das Weihnachtsfest. Und wie w\u00fcrde ich \u00fcber Weihnachten singen? Wenn ich an Weihnachten denk\u2026 Wenn ich an Weihnachten denk, dann sehe ich meine Familie [&hellip;]<\/p>\n","protected":false},"author":21691,"featured_media":89,"parent":0,"menu_order":0,"comment_status":"open","ping_status":"closed","template":"","meta":{"footnotes":""},"class_list":["post-76","page","type-page","status-publish","has-post-thumbnail","hentry"],"yoast_head":"<!-- This site is optimized with the Yoast SEO plugin v25.3.1 - https:\/\/yoast.com\/wordpress\/plugins\/seo\/ -->\n<title>Adventskalender - Mahatma Ausreise, Mahatma keine!<\/title>\n<meta name=\"description\" content=\"Mahatma Advent, Mahatma Kalender - und Mahatma eben beides... Am ersten Advent geht es los. Lasst euch \u00fcberraschen!\" \/>\n<meta name=\"robots\" content=\"index, follow, max-snippet:-1, max-image-preview:large, max-video-preview:-1\" \/>\n<link rel=\"canonical\" href=\"https:\/\/blogs.donboscovolunteers.de\/mahatmaausreisemahatmakeine\/adventskalender\/\" \/>\n<meta property=\"og:locale\" content=\"de_DE\" \/>\n<meta property=\"og:type\" content=\"article\" \/>\n<meta property=\"og:title\" content=\"Adventskalender - Mahatma Ausreise, Mahatma keine!\" \/>\n<meta property=\"og:description\" content=\"Mahatma Advent, Mahatma Kalender - und Mahatma eben beides... Am ersten Advent geht es los. Lasst euch \u00fcberraschen!\" \/>\n<meta property=\"og:url\" content=\"https:\/\/blogs.donboscovolunteers.de\/mahatmaausreisemahatmakeine\/adventskalender\/\" \/>\n<meta property=\"og:site_name\" content=\"Mahatma Ausreise, Mahatma keine!\" \/>\n<meta property=\"article:modified_time\" content=\"2020-12-23T23:21:25+00:00\" \/>\n<meta property=\"og:image\" content=\"https:\/\/blogs.donboscovolunteers.de\/mahatmaausreisemahatmakeine\/wp-content\/uploads\/sites\/21627\/2020\/11\/Adventskalender-Header-e1606568919698.jpg\" \/>\n\t<meta property=\"og:image:width\" content=\"854\" \/>\n\t<meta property=\"og:image:height\" content=\"371\" \/>\n\t<meta property=\"og:image:type\" content=\"image\/jpeg\" \/>\n<meta name=\"twitter:card\" content=\"summary_large_image\" \/>\n<meta name=\"twitter:label1\" content=\"Gesch\u00e4tzte Lesezeit\" \/>\n\t<meta name=\"twitter:data1\" content=\"21\u00a0Minuten\" \/>\n<script type=\"application\/ld+json\" class=\"yoast-schema-graph\">{\"@context\":\"https:\/\/schema.org\",\"@graph\":[{\"@type\":\"WebPage\",\"@id\":\"https:\/\/blogs.donboscovolunteers.de\/mahatmaausreisemahatmakeine\/adventskalender\/\",\"url\":\"https:\/\/blogs.donboscovolunteers.de\/mahatmaausreisemahatmakeine\/adventskalender\/\",\"name\":\"Adventskalender - Mahatma Ausreise, Mahatma keine!\",\"isPartOf\":{\"@id\":\"https:\/\/blogs.donboscovolunteers.de\/mahatmaausreisemahatmakeine\/#website\"},\"primaryImageOfPage\":{\"@id\":\"https:\/\/blogs.donboscovolunteers.de\/mahatmaausreisemahatmakeine\/adventskalender\/#primaryimage\"},\"image\":{\"@id\":\"https:\/\/blogs.donboscovolunteers.de\/mahatmaausreisemahatmakeine\/adventskalender\/#primaryimage\"},\"thumbnailUrl\":\"https:\/\/blogs.donboscovolunteers.de\/mahatmaausreisemahatmakeine\/wp-content\/uploads\/sites\/21627\/2020\/11\/Adventskalender-Header-e1606568919698.jpg\",\"datePublished\":\"2020-11-23T13:58:24+00:00\",\"dateModified\":\"2020-12-23T23:21:25+00:00\",\"description\":\"Mahatma Advent, Mahatma Kalender - und Mahatma eben beides... Am ersten Advent geht es los. Lasst euch \u00fcberraschen!\",\"breadcrumb\":{\"@id\":\"https:\/\/blogs.donboscovolunteers.de\/mahatmaausreisemahatmakeine\/adventskalender\/#breadcrumb\"},\"inLanguage\":\"de\",\"potentialAction\":[{\"@type\":\"ReadAction\",\"target\":[\"https:\/\/blogs.donboscovolunteers.de\/mahatmaausreisemahatmakeine\/adventskalender\/\"]}]},{\"@type\":\"ImageObject\",\"inLanguage\":\"de\",\"@id\":\"https:\/\/blogs.donboscovolunteers.de\/mahatmaausreisemahatmakeine\/adventskalender\/#primaryimage\",\"url\":\"https:\/\/blogs.donboscovolunteers.de\/mahatmaausreisemahatmakeine\/wp-content\/uploads\/sites\/21627\/2020\/11\/Adventskalender-Header-e1606568919698.jpg\",\"contentUrl\":\"https:\/\/blogs.donboscovolunteers.de\/mahatmaausreisemahatmakeine\/wp-content\/uploads\/sites\/21627\/2020\/11\/Adventskalender-Header-e1606568919698.jpg\",\"width\":854,\"height\":371},{\"@type\":\"BreadcrumbList\",\"@id\":\"https:\/\/blogs.donboscovolunteers.de\/mahatmaausreisemahatmakeine\/adventskalender\/#breadcrumb\",\"itemListElement\":[{\"@type\":\"ListItem\",\"position\":1,\"name\":\"Startseite\",\"item\":\"https:\/\/blogs.donboscovolunteers.de\/mahatmaausreisemahatmakeine\/\"},{\"@type\":\"ListItem\",\"position\":2,\"name\":\"Adventskalender\"}]},{\"@type\":\"WebSite\",\"@id\":\"https:\/\/blogs.donboscovolunteers.de\/mahatmaausreisemahatmakeine\/#website\",\"url\":\"https:\/\/blogs.donboscovolunteers.de\/mahatmaausreisemahatmakeine\/\",\"name\":\"Mahatma Ausreise, Mahatma keine!\",\"description\":\"Mein Jahr als Freiwillige in bisher nicht Indien\",\"potentialAction\":[{\"@type\":\"SearchAction\",\"target\":{\"@type\":\"EntryPoint\",\"urlTemplate\":\"https:\/\/blogs.donboscovolunteers.de\/mahatmaausreisemahatmakeine\/?s={search_term_string}\"},\"query-input\":{\"@type\":\"PropertyValueSpecification\",\"valueRequired\":true,\"valueName\":\"search_term_string\"}}],\"inLanguage\":\"de\"}]}<\/script>\n<!-- \/ Yoast SEO plugin. -->","yoast_head_json":{"title":"Adventskalender - Mahatma Ausreise, Mahatma keine!","description":"Mahatma Advent, Mahatma Kalender - und Mahatma eben beides... Am ersten Advent geht es los. Lasst euch \u00fcberraschen!","robots":{"index":"index","follow":"follow","max-snippet":"max-snippet:-1","max-image-preview":"max-image-preview:large","max-video-preview":"max-video-preview:-1"},"canonical":"https:\/\/blogs.donboscovolunteers.de\/mahatmaausreisemahatmakeine\/adventskalender\/","og_locale":"de_DE","og_type":"article","og_title":"Adventskalender - Mahatma Ausreise, Mahatma keine!","og_description":"Mahatma Advent, Mahatma Kalender - und Mahatma eben beides... Am ersten Advent geht es los. Lasst euch \u00fcberraschen!","og_url":"https:\/\/blogs.donboscovolunteers.de\/mahatmaausreisemahatmakeine\/adventskalender\/","og_site_name":"Mahatma Ausreise, Mahatma keine!","article_modified_time":"2020-12-23T23:21:25+00:00","og_image":[{"width":854,"height":371,"url":"https:\/\/blogs.donboscovolunteers.de\/mahatmaausreisemahatmakeine\/wp-content\/uploads\/sites\/21627\/2020\/11\/Adventskalender-Header-e1606568919698.jpg","type":"image\/jpeg"}],"twitter_card":"summary_large_image","twitter_misc":{"Gesch\u00e4tzte Lesezeit":"21\u00a0Minuten"},"schema":{"@context":"https:\/\/schema.org","@graph":[{"@type":"WebPage","@id":"https:\/\/blogs.donboscovolunteers.de\/mahatmaausreisemahatmakeine\/adventskalender\/","url":"https:\/\/blogs.donboscovolunteers.de\/mahatmaausreisemahatmakeine\/adventskalender\/","name":"Adventskalender - Mahatma Ausreise, Mahatma keine!","isPartOf":{"@id":"https:\/\/blogs.donboscovolunteers.de\/mahatmaausreisemahatmakeine\/#website"},"primaryImageOfPage":{"@id":"https:\/\/blogs.donboscovolunteers.de\/mahatmaausreisemahatmakeine\/adventskalender\/#primaryimage"},"image":{"@id":"https:\/\/blogs.donboscovolunteers.de\/mahatmaausreisemahatmakeine\/adventskalender\/#primaryimage"},"thumbnailUrl":"https:\/\/blogs.donboscovolunteers.de\/mahatmaausreisemahatmakeine\/wp-content\/uploads\/sites\/21627\/2020\/11\/Adventskalender-Header-e1606568919698.jpg","datePublished":"2020-11-23T13:58:24+00:00","dateModified":"2020-12-23T23:21:25+00:00","description":"Mahatma Advent, Mahatma Kalender - und Mahatma eben beides... Am ersten Advent geht es los. Lasst euch \u00fcberraschen!","breadcrumb":{"@id":"https:\/\/blogs.donboscovolunteers.de\/mahatmaausreisemahatmakeine\/adventskalender\/#breadcrumb"},"inLanguage":"de","potentialAction":[{"@type":"ReadAction","target":["https:\/\/blogs.donboscovolunteers.de\/mahatmaausreisemahatmakeine\/adventskalender\/"]}]},{"@type":"ImageObject","inLanguage":"de","@id":"https:\/\/blogs.donboscovolunteers.de\/mahatmaausreisemahatmakeine\/adventskalender\/#primaryimage","url":"https:\/\/blogs.donboscovolunteers.de\/mahatmaausreisemahatmakeine\/wp-content\/uploads\/sites\/21627\/2020\/11\/Adventskalender-Header-e1606568919698.jpg","contentUrl":"https:\/\/blogs.donboscovolunteers.de\/mahatmaausreisemahatmakeine\/wp-content\/uploads\/sites\/21627\/2020\/11\/Adventskalender-Header-e1606568919698.jpg","width":854,"height":371},{"@type":"BreadcrumbList","@id":"https:\/\/blogs.donboscovolunteers.de\/mahatmaausreisemahatmakeine\/adventskalender\/#breadcrumb","itemListElement":[{"@type":"ListItem","position":1,"name":"Startseite","item":"https:\/\/blogs.donboscovolunteers.de\/mahatmaausreisemahatmakeine\/"},{"@type":"ListItem","position":2,"name":"Adventskalender"}]},{"@type":"WebSite","@id":"https:\/\/blogs.donboscovolunteers.de\/mahatmaausreisemahatmakeine\/#website","url":"https:\/\/blogs.donboscovolunteers.de\/mahatmaausreisemahatmakeine\/","name":"Mahatma Ausreise, Mahatma keine!","description":"Mein Jahr als Freiwillige in bisher nicht Indien","potentialAction":[{"@type":"SearchAction","target":{"@type":"EntryPoint","urlTemplate":"https:\/\/blogs.donboscovolunteers.de\/mahatmaausreisemahatmakeine\/?s={search_term_string}"},"query-input":{"@type":"PropertyValueSpecification","valueRequired":true,"valueName":"search_term_string"}}],"inLanguage":"de"}]}},"_links":{"self":[{"href":"https:\/\/blogs.donboscovolunteers.de\/mahatmaausreisemahatmakeine\/wp-json\/wp\/v2\/pages\/76","targetHints":{"allow":["GET"]}}],"collection":[{"href":"https:\/\/blogs.donboscovolunteers.de\/mahatmaausreisemahatmakeine\/wp-json\/wp\/v2\/pages"}],"about":[{"href":"https:\/\/blogs.donboscovolunteers.de\/mahatmaausreisemahatmakeine\/wp-json\/wp\/v2\/types\/page"}],"author":[{"embeddable":true,"href":"https:\/\/blogs.donboscovolunteers.de\/mahatmaausreisemahatmakeine\/wp-json\/wp\/v2\/users\/21691"}],"replies":[{"embeddable":true,"href":"https:\/\/blogs.donboscovolunteers.de\/mahatmaausreisemahatmakeine\/wp-json\/wp\/v2\/comments?post=76"}],"version-history":[{"count":33,"href":"https:\/\/blogs.donboscovolunteers.de\/mahatmaausreisemahatmakeine\/wp-json\/wp\/v2\/pages\/76\/revisions"}],"predecessor-version":[{"id":143,"href":"https:\/\/blogs.donboscovolunteers.de\/mahatmaausreisemahatmakeine\/wp-json\/wp\/v2\/pages\/76\/revisions\/143"}],"wp:featuredmedia":[{"embeddable":true,"href":"https:\/\/blogs.donboscovolunteers.de\/mahatmaausreisemahatmakeine\/wp-json\/wp\/v2\/media\/89"}],"wp:attachment":[{"href":"https:\/\/blogs.donboscovolunteers.de\/mahatmaausreisemahatmakeine\/wp-json\/wp\/v2\/media?parent=76"}],"curies":[{"name":"wp","href":"https:\/\/api.w.org\/{rel}","templated":true}]}}