{"id":5,"date":"2017-09-10T15:19:08","date_gmt":"2017-09-10T13:19:08","guid":{"rendered":"https:\/\/blogs.donboscovolunteers.de\/josefinsambia\/?page_id=5"},"modified":"2017-09-14T12:20:52","modified_gmt":"2017-09-14T10:20:52","slug":"ueber-mich","status":"publish","type":"page","link":"https:\/\/blogs.donboscovolunteers.de\/josefinsambia\/ueber-mich\/","title":{"rendered":"\u00dcber mich"},"content":{"rendered":"<p>Hallo, mein Name ist Josef Schubert.<\/p>\n<p>Ich komme aus M\u00fcnster, bin 18 Jahre alt und habe diesen Sommer mein Abitur erfolgreich bestanden.<\/p>\n<p>Seit dem 7. September bin ich in Sambia, wo ich mein Auslandsjahr als <a href=\"https:\/\/www.donboscomission.de\/don-bosco\/\">Don Bosco<\/a> Volunteer verbringen werde. Leben und arbeiten werde ich im Don Bosco Zentrum in Mansa. Dazu geh\u00f6ren eine Grundschule, eine Weiterf\u00fchrende Schule, ein Jugendzentrum, eine Kommunit\u00e4t der von Don Bosco gegr\u00fcndeten Salesianern und eine Kommunit\u00e4t der Don Bosco Schwestern. Mein Auslandsjahr erlebe ich zusammen mit Daniel, einem weiteren Freiwilligen aus Deutschland. Er schreibt ebenfalls einen <a href=\"https:\/\/blogs.donboscovolunteers.de\/danielinsambia\/\">Blog<\/a> \u00fcber unser Leben hier in Mansa, eine gute M\u00f6glichkeit, unsere gemeinsamen Erlebnisse mal aus einem anderen Blickwinkel zu lesen.<\/p>\n<p>Unsere Aufgabe ist es, mit den Jugendlichen in der Schule, dem Jugendzentrum und in Arbeitsgemeinschaften zu arbeiten. In diesem Blog werde ich von meiner Arbeit und meinen Erfahrungen in Sambia berichten. \u00dcber ein Feedback in Form eines Kommentars freue ich mich sehr.<\/p>\n<p>Viel Spa\u00df beim lesen!<\/p>\n<p>&nbsp;<\/p>\n<p><a href=\"https:\/\/blogs.donboscovolunteers.de\/josefinsambia\/\">Zur\u00fcck zur \u00dcbersicht<\/a><\/p>\n","protected":false},"excerpt":{"rendered":"<p>Hallo, mein Name ist Josef Schubert. Ich komme aus M\u00fcnster, bin 18 Jahre alt und habe diesen Sommer mein Abitur erfolgreich bestanden. Seit dem 7. September bin ich in Sambia, wo ich mein Auslandsjahr als <a href=\"https:\/\/www.donboscomission.de\/don-bosco\/\">Don Bosco<\/a> Volunteer verbringen werde. Leben und arbeiten werde ich im Don Bosco Zentrum in Mansa. Dazu geh\u00f6ren eine Grundschule, [&hellip;]<\/p>\n","protected":false},"author":21563,"featured_media":0,"parent":0,"menu_order":0,"comment_status":"closed","ping_status":"closed","template":"","meta":{"footnotes":""},"class_list":["post-5","page","type-page","status-publish","hentry"],"yoast_head":"<!-- This site is optimized with the Yoast SEO plugin v25.3.1 - https:\/\/yoast.com\/wordpress\/plugins\/seo\/ -->\n<title>\u00dcber mich - Josef in Sambia<\/title>\n<meta name=\"robots\" content=\"index, follow, max-snippet:-1, max-image-preview:large, max-video-preview:-1\" \/>\n<link rel=\"canonical\" href=\"https:\/\/blogs.donboscovolunteers.de\/josefinsambia\/ueber-mich\/\" \/>\n<meta property=\"og:locale\" content=\"de_DE\" \/>\n<meta property=\"og:type\" content=\"article\" \/>\n<meta property=\"og:title\" content=\"\u00dcber mich - Josef in Sambia\" \/>\n<meta property=\"og:description\" content=\"Hallo, mein Name ist Josef Schubert. Ich komme aus M\u00fcnster, bin 18 Jahre alt und habe diesen Sommer mein Abitur erfolgreich bestanden. Seit dem 7. September bin ich in Sambia, wo ich mein Auslandsjahr als Don Bosco Volunteer verbringen werde. Leben und arbeiten werde ich im Don Bosco Zentrum in Mansa. Dazu geh\u00f6ren eine Grundschule, [&hellip;]\" \/>\n<meta property=\"og:url\" content=\"https:\/\/blogs.donboscovolunteers.de\/josefinsambia\/ueber-mich\/\" \/>\n<meta property=\"og:site_name\" content=\"Josef in Sambia\" \/>\n<meta property=\"article:modified_time\" content=\"2017-09-14T10:20:52+00:00\" \/>\n<meta name=\"twitter:card\" content=\"summary_large_image\" \/>\n<meta name=\"twitter:label1\" content=\"Gesch\u00e4tzte Lesezeit\" \/>\n\t<meta name=\"twitter:data1\" content=\"1\u00a0Minute\" \/>\n<script type=\"application\/ld+json\" class=\"yoast-schema-graph\">{\"@context\":\"https:\/\/schema.org\",\"@graph\":[{\"@type\":\"WebPage\",\"@id\":\"https:\/\/blogs.donboscovolunteers.de\/josefinsambia\/ueber-mich\/\",\"url\":\"https:\/\/blogs.donboscovolunteers.de\/josefinsambia\/ueber-mich\/\",\"name\":\"\u00dcber mich - Josef in Sambia\",\"isPartOf\":{\"@id\":\"https:\/\/blogs.donboscovolunteers.de\/josefinsambia\/#website\"},\"datePublished\":\"2017-09-10T13:19:08+00:00\",\"dateModified\":\"2017-09-14T10:20:52+00:00\",\"breadcrumb\":{\"@id\":\"https:\/\/blogs.donboscovolunteers.de\/josefinsambia\/ueber-mich\/#breadcrumb\"},\"inLanguage\":\"de\",\"potentialAction\":[{\"@type\":\"ReadAction\",\"target\":[\"https:\/\/blogs.donboscovolunteers.de\/josefinsambia\/ueber-mich\/\"]}]},{\"@type\":\"BreadcrumbList\",\"@id\":\"https:\/\/blogs.donboscovolunteers.de\/josefinsambia\/ueber-mich\/#breadcrumb\",\"itemListElement\":[{\"@type\":\"ListItem\",\"position\":1,\"name\":\"Startseite\",\"item\":\"https:\/\/blogs.donboscovolunteers.de\/josefinsambia\/\"},{\"@type\":\"ListItem\",\"position\":2,\"name\":\"\u00dcber mich\"}]},{\"@type\":\"WebSite\",\"@id\":\"https:\/\/blogs.donboscovolunteers.de\/josefinsambia\/#website\",\"url\":\"https:\/\/blogs.donboscovolunteers.de\/josefinsambia\/\",\"name\":\"Josef in Sambia\",\"description\":\"Geschichten aus meinem Auslandsjahr mit Don Bosco\",\"potentialAction\":[{\"@type\":\"SearchAction\",\"target\":{\"@type\":\"EntryPoint\",\"urlTemplate\":\"https:\/\/blogs.donboscovolunteers.de\/josefinsambia\/?s={search_term_string}\"},\"query-input\":{\"@type\":\"PropertyValueSpecification\",\"valueRequired\":true,\"valueName\":\"search_term_string\"}}],\"inLanguage\":\"de\"}]}<\/script>\n<!-- \/ Yoast SEO plugin. -->","yoast_head_json":{"title":"\u00dcber mich - Josef in Sambia","robots":{"index":"index","follow":"follow","max-snippet":"max-snippet:-1","max-image-preview":"max-image-preview:large","max-video-preview":"max-video-preview:-1"},"canonical":"https:\/\/blogs.donboscovolunteers.de\/josefinsambia\/ueber-mich\/","og_locale":"de_DE","og_type":"article","og_title":"\u00dcber mich - Josef in Sambia","og_description":"Hallo, mein Name ist Josef Schubert. Ich komme aus M\u00fcnster, bin 18 Jahre alt und habe diesen Sommer mein Abitur erfolgreich bestanden. Seit dem 7. September bin ich in Sambia, wo ich mein Auslandsjahr als Don Bosco Volunteer verbringen werde. Leben und arbeiten werde ich im Don Bosco Zentrum in Mansa. Dazu geh\u00f6ren eine Grundschule, [&hellip;]","og_url":"https:\/\/blogs.donboscovolunteers.de\/josefinsambia\/ueber-mich\/","og_site_name":"Josef in Sambia","article_modified_time":"2017-09-14T10:20:52+00:00","twitter_card":"summary_large_image","twitter_misc":{"Gesch\u00e4tzte Lesezeit":"1\u00a0Minute"},"schema":{"@context":"https:\/\/schema.org","@graph":[{"@type":"WebPage","@id":"https:\/\/blogs.donboscovolunteers.de\/josefinsambia\/ueber-mich\/","url":"https:\/\/blogs.donboscovolunteers.de\/josefinsambia\/ueber-mich\/","name":"\u00dcber mich - Josef in Sambia","isPartOf":{"@id":"https:\/\/blogs.donboscovolunteers.de\/josefinsambia\/#website"},"datePublished":"2017-09-10T13:19:08+00:00","dateModified":"2017-09-14T10:20:52+00:00","breadcrumb":{"@id":"https:\/\/blogs.donboscovolunteers.de\/josefinsambia\/ueber-mich\/#breadcrumb"},"inLanguage":"de","potentialAction":[{"@type":"ReadAction","target":["https:\/\/blogs.donboscovolunteers.de\/josefinsambia\/ueber-mich\/"]}]},{"@type":"BreadcrumbList","@id":"https:\/\/blogs.donboscovolunteers.de\/josefinsambia\/ueber-mich\/#breadcrumb","itemListElement":[{"@type":"ListItem","position":1,"name":"Startseite","item":"https:\/\/blogs.donboscovolunteers.de\/josefinsambia\/"},{"@type":"ListItem","position":2,"name":"\u00dcber mich"}]},{"@type":"WebSite","@id":"https:\/\/blogs.donboscovolunteers.de\/josefinsambia\/#website","url":"https:\/\/blogs.donboscovolunteers.de\/josefinsambia\/","name":"Josef in Sambia","description":"Geschichten aus meinem Auslandsjahr mit Don Bosco","potentialAction":[{"@type":"SearchAction","target":{"@type":"EntryPoint","urlTemplate":"https:\/\/blogs.donboscovolunteers.de\/josefinsambia\/?s={search_term_string}"},"query-input":{"@type":"PropertyValueSpecification","valueRequired":true,"valueName":"search_term_string"}}],"inLanguage":"de"}]}},"_links":{"self":[{"href":"https:\/\/blogs.donboscovolunteers.de\/josefinsambia\/wp-json\/wp\/v2\/pages\/5","targetHints":{"allow":["GET"]}}],"collection":[{"href":"https:\/\/blogs.donboscovolunteers.de\/josefinsambia\/wp-json\/wp\/v2\/pages"}],"about":[{"href":"https:\/\/blogs.donboscovolunteers.de\/josefinsambia\/wp-json\/wp\/v2\/types\/page"}],"author":[{"embeddable":true,"href":"https:\/\/blogs.donboscovolunteers.de\/josefinsambia\/wp-json\/wp\/v2\/users\/21563"}],"replies":[{"embeddable":true,"href":"https:\/\/blogs.donboscovolunteers.de\/josefinsambia\/wp-json\/wp\/v2\/comments?post=5"}],"version-history":[{"count":4,"href":"https:\/\/blogs.donboscovolunteers.de\/josefinsambia\/wp-json\/wp\/v2\/pages\/5\/revisions"}],"predecessor-version":[{"id":28,"href":"https:\/\/blogs.donboscovolunteers.de\/josefinsambia\/wp-json\/wp\/v2\/pages\/5\/revisions\/28"}],"wp:attachment":[{"href":"https:\/\/blogs.donboscovolunteers.de\/josefinsambia\/wp-json\/wp\/v2\/media?parent=5"}],"curies":[{"name":"wp","href":"https:\/\/api.w.org\/{rel}","templated":true}]}}